{"id":10000657,"date":"2018-07-31T09:19:00","date_gmt":"2018-07-31T07:19:00","guid":{"rendered":"https:\/\/www.fh-joanneum.at\/architektur\/master\/?page_id=657"},"modified":"2020-07-02T12:07:59","modified_gmt":"2020-07-02T10:07:59","slug":"malte-brendemuehl","status":"publish","type":"page","link":"https:\/\/www.fh-joanneum.at\/architektur\/master\/nach-dem-studium\/absolventinnen-absolventen\/malte-brendemuehl\/","title":{"rendered":"DI Architekt Malte Brendem\u00fchl, B.ATCM"},"content":{"rendered":"<div id=\"\" class=\"wp-block-text-content margin-bottom-normal\">\n    <div class=\"container-lg\">\n        <div class=\"row\">\n            <div class=\"col\">\n                <h4>Eckdaten<\/h4>\n<p><strong>Unternehmen:<\/strong> <a href=\"https:\/\/muhsal-immobilien.de\/\" target=\"_blank\" rel=\"noopener noreferrer\">MUHSAL IMMOBILIEN &amp; PROJEKTENTWICKLUNG<\/a><br>\n<strong>Ort:<\/strong> Rostock, Deutschland<br>\n<strong>Ich arbeite hier seit:<\/strong> 2020<br>\n<a href=\"mailto:malte.brendemuehl@f-muhsal.de\">Mein Kontakt<\/a>  <\/p>\n<h4>Was ich mache:<\/h4>\n<p>Das Unternehmen ist mit der Entwicklung, Planung, Bauleitung, Bauausf&uuml;hrung und Verwertung von Projekten verschiedener Gr&ouml;&szlig;enordnungen besch&auml;ftigt. Mit einer Gr&ouml;&szlig;e von 90 Mitarbeitern werden viele Projekte in der Ostseeregion erfolgreich realisiert. Als Planungsleiter vertrete ich Bauherreninteressen in allen laufenden Bauvorhaben und leite die interne Planungsabteilung. Nach au&szlig;en steuere ich die Bauprojekte und koordiniere externe Planungsb&uuml;ros in Qualit&auml;t, Zeit und Kosten.  <\/p>\n\n            <\/div>\n        <\/div>\n            <\/div>\n<\/div>\n\n<div\n    id=\"\"\n    class=\"wp-block-image-slider margin-bottom-normal\"\n>\n    <div class=\"container-lg\">\n        <div class=\"row\">\n            <div class=\"col-12\">\n                <div class=\"swiper-outer-wrapper\">\n                    <div class=\"image-header\">\n                        <div class=\"swiper-navigation\">\n                            <div class=\"swiper-button-prev-custom\">\n                                <svg xmlns=\"http:\/\/www.w3.org\/2000\/svg\" width=\"9\" height=\"14\" viewBox=\"0 0 9 14\" fill=\"none\">\n  <path d=\"M8 13L2 7L8 1\" stroke=\"\" stroke-width=\"1.5\" stroke-linecap=\"round\"\/>\n<\/svg>                            <\/div>\n                            <div class=\"swiper-button-next-custom\">\n                                <svg xmlns=\"http:\/\/www.w3.org\/2000\/svg\" width=\"9\" height=\"14\" viewBox=\"0 0 9 14\" fill=\"none\">\n  <path d=\"M1 1L7 7L1 13\" stroke=\"\" stroke-width=\"1.5\" stroke-linecap=\"round\"\/>\n<\/svg>                            <\/div>\n                        <\/div>\n                    <\/div>\n                    <div class=\"swiper image-slider-swiper\">\n                        <div class=\"swiper-wrapper\">\n                                                                                                <div class=\"swiper-slide item\">\n                                        <picture>\n                        <source\n                media=\"(max-width: 576px)\"\n                srcset=\"https:\/\/cdn3.fh-joanneum.at\/media\/sites\/32\/2020\/07\/di-malte-brendemuehl-b-atcm-17.jpg, https:\/\/cdn3.fh-joanneum.at\/media\/sites\/32\/2020\/07\/di-malte-brendemuehl-b-atcm-17-768x384.jpg 2x\"\n            \/>\n                    <source\n                media=\"(max-width: 768px)\"\n                srcset=\"https:\/\/cdn3.fh-joanneum.at\/media\/sites\/32\/2020\/07\/di-malte-brendemuehl-b-atcm-17-768x384.jpg, https:\/\/cdn3.fh-joanneum.at\/media\/sites\/32\/2020\/07\/di-malte-brendemuehl-b-atcm-17-1024x512.jpg 2x\"\n            \/>\n                    <source\n                media=\"(max-width: 1024px)\"\n                srcset=\"https:\/\/cdn3.fh-joanneum.at\/media\/sites\/32\/2020\/07\/di-malte-brendemuehl-b-atcm-17-1024x512.jpg, https:\/\/cdn3.fh-joanneum.at\/media\/sites\/32\/2020\/07\/di-malte-brendemuehl-b-atcm-17.jpg 2x\"\n            \/>\n                    <source\n                media=\"(max-width: 1536px)\"\n                srcset=\"https:\/\/cdn3.fh-joanneum.at\/media\/sites\/32\/2020\/07\/di-malte-brendemuehl-b-atcm-17.jpg, https:\/\/cdn3.fh-joanneum.at\/media\/sites\/32\/2020\/07\/di-malte-brendemuehl-b-atcm-17.jpg 2x\"\n            \/>\n                    <source\n                media=\"(max-width: 2048px)\"\n                srcset=\"https:\/\/cdn3.fh-joanneum.at\/media\/sites\/32\/2020\/07\/di-malte-brendemuehl-b-atcm-17.jpg, https:\/\/cdn3.fh-joanneum.at\/media\/sites\/32\/2020\/07\/di-malte-brendemuehl-b-atcm-17.jpg 2x\"\n            \/>\n                <img decoding=\"async\"\n        class=\"img-fluid\"\n        src=\"https:\/\/cdn3.fh-joanneum.at\/media\/sites\/32\/2020\/07\/di-malte-brendemuehl-b-atcm-17.jpg\"\n        alt=\"DI Malte Brendem\u00fchl, B.ATCM 16\"\n        title=\"\"\n         loading=\"lazy\"             >\n<\/picture>\n\n                                                                                    <p class=\"text-muted mt-2\">Neuer Standort von MUHSAL Immobilien &#038; Projektentwicklung, Fertigstellung 2021\/2022 (Rendering: MUHSAL Immobilien &#038; Projektentwicklung)<\/p>\n                                                                            <\/div>\n                                                                    <div class=\"swiper-slide item\">\n                                        <picture>\n                        <source\n                media=\"(max-width: 576px)\"\n                srcset=\"https:\/\/cdn3.fh-joanneum.at\/media\/sites\/32\/2020\/07\/di-malte-brendemuehl-b-atcm-15.jpg, https:\/\/cdn3.fh-joanneum.at\/media\/sites\/32\/2020\/07\/di-malte-brendemuehl-b-atcm-15-768x384.jpg 2x\"\n            \/>\n                    <source\n                media=\"(max-width: 768px)\"\n                srcset=\"https:\/\/cdn3.fh-joanneum.at\/media\/sites\/32\/2020\/07\/di-malte-brendemuehl-b-atcm-15-768x384.jpg, https:\/\/cdn3.fh-joanneum.at\/media\/sites\/32\/2020\/07\/di-malte-brendemuehl-b-atcm-15-1024x512.jpg 2x\"\n            \/>\n                    <source\n                media=\"(max-width: 1024px)\"\n                srcset=\"https:\/\/cdn3.fh-joanneum.at\/media\/sites\/32\/2020\/07\/di-malte-brendemuehl-b-atcm-15-1024x512.jpg, https:\/\/cdn3.fh-joanneum.at\/media\/sites\/32\/2020\/07\/di-malte-brendemuehl-b-atcm-15.jpg 2x\"\n            \/>\n                    <source\n                media=\"(max-width: 1536px)\"\n                srcset=\"https:\/\/cdn3.fh-joanneum.at\/media\/sites\/32\/2020\/07\/di-malte-brendemuehl-b-atcm-15.jpg, https:\/\/cdn3.fh-joanneum.at\/media\/sites\/32\/2020\/07\/di-malte-brendemuehl-b-atcm-15.jpg 2x\"\n            \/>\n                    <source\n                media=\"(max-width: 1680px)\"\n                srcset=\"https:\/\/cdn3.fh-joanneum.at\/media\/sites\/32\/2020\/07\/di-malte-brendemuehl-b-atcm-15.jpg, https:\/\/cdn3.fh-joanneum.at\/media\/sites\/32\/2020\/07\/di-malte-brendemuehl-b-atcm-15.jpg 2x\"\n            \/>\n                <img decoding=\"async\"\n        class=\"img-fluid\"\n        src=\"https:\/\/cdn3.fh-joanneum.at\/media\/sites\/32\/2020\/07\/di-malte-brendemuehl-b-atcm-15.jpg\"\n        alt=\"DI Malte Brendem\u00fchl, B.ATCM 14\"\n        title=\"\"\n         loading=\"lazy\"             >\n<\/picture>\n\n                                                                                    <p class=\"text-muted mt-2\">Neuer Standort von MUHSAL Immobilien &#038; Projektentwicklung, Fertigstellung 2021\/2022 (Rendering: MUHSAL Immobilien &#038; Projektentwicklung)<\/p>\n                                                                            <\/div>\n                                                                    <div class=\"swiper-slide item\">\n                                        <picture>\n                        <source\n                media=\"(max-width: 576px)\"\n                srcset=\"https:\/\/cdn3.fh-joanneum.at\/media\/sites\/32\/2020\/07\/di-malte-brendemuehl-b-atcm-16.jpg, https:\/\/cdn3.fh-joanneum.at\/media\/sites\/32\/2020\/07\/di-malte-brendemuehl-b-atcm-16-768x384.jpg 2x\"\n            \/>\n                    <source\n                media=\"(max-width: 768px)\"\n                srcset=\"https:\/\/cdn3.fh-joanneum.at\/media\/sites\/32\/2020\/07\/di-malte-brendemuehl-b-atcm-16-768x384.jpg, https:\/\/cdn3.fh-joanneum.at\/media\/sites\/32\/2020\/07\/di-malte-brendemuehl-b-atcm-16-1024x512.jpg 2x\"\n            \/>\n                    <source\n                media=\"(max-width: 1024px)\"\n                srcset=\"https:\/\/cdn3.fh-joanneum.at\/media\/sites\/32\/2020\/07\/di-malte-brendemuehl-b-atcm-16-1024x512.jpg, https:\/\/cdn3.fh-joanneum.at\/media\/sites\/32\/2020\/07\/di-malte-brendemuehl-b-atcm-16.jpg 2x\"\n            \/>\n                    <source\n                media=\"(max-width: 1536px)\"\n                srcset=\"https:\/\/cdn3.fh-joanneum.at\/media\/sites\/32\/2020\/07\/di-malte-brendemuehl-b-atcm-16.jpg, https:\/\/cdn3.fh-joanneum.at\/media\/sites\/32\/2020\/07\/di-malte-brendemuehl-b-atcm-16.jpg 2x\"\n            \/>\n                    <source\n                media=\"(max-width: 1680px)\"\n                srcset=\"https:\/\/cdn3.fh-joanneum.at\/media\/sites\/32\/2020\/07\/di-malte-brendemuehl-b-atcm-16.jpg, https:\/\/cdn3.fh-joanneum.at\/media\/sites\/32\/2020\/07\/di-malte-brendemuehl-b-atcm-16.jpg 2x\"\n            \/>\n                <img decoding=\"async\"\n        class=\"img-fluid\"\n        src=\"https:\/\/cdn3.fh-joanneum.at\/media\/sites\/32\/2020\/07\/di-malte-brendemuehl-b-atcm-16.jpg\"\n        alt=\"DI Malte Brendem\u00fchl, B.ATCM 15\"\n        title=\"\"\n         loading=\"lazy\"             >\n<\/picture>\n\n                                                                                    <p class=\"text-muted mt-2\">Neuer Standort von MUHSAL Immobilien &#038; Projektentwicklung, Fertigstellung 2021\/2022 (Rendering: MUHSAL Immobilien &#038; Projektentwicklung)<\/p>\n                                                                            <\/div>\n                                                                                    <\/div>\n                    <\/div>\n\n                    <div class=\"swiper-navigation-pagination\">\n                        <div class=\"swiper-button-prev-custom\">\n                            <svg xmlns=\"http:\/\/www.w3.org\/2000\/svg\" width=\"9\" height=\"14\" viewBox=\"0 0 9 14\" fill=\"none\">\n  <path d=\"M8 13L2 7L8 1\" stroke=\"\" stroke-width=\"1.5\" stroke-linecap=\"round\"\/>\n<\/svg>                        <\/div>\n                        <div class=\"swiper-pagination\"><\/div>\n                        <div class=\"swiper-button-next-custom\">\n                            <svg xmlns=\"http:\/\/www.w3.org\/2000\/svg\" width=\"9\" height=\"14\" viewBox=\"0 0 9 14\" fill=\"none\">\n  <path d=\"M1 1L7 7L1 13\" stroke=\"\" stroke-width=\"1.5\" stroke-linecap=\"round\"\/>\n<\/svg>                        <\/div>\n                    <\/div>\n                <\/div>\n            <\/div>\n        <\/div>\n    <\/div>\n<\/div>\n\n<div id=\"\" class=\"wp-block-text-content margin-bottom-normal\">\n    <div class=\"container-lg\">\n        <div class=\"row\">\n            <div class=\"col\">\n                <h5>Warum ich meinen Beruf liebe:<\/h5>\n<p>Die Projekte haben alle einen besonderen Anspruch. Kein Projekt wird rein aus einer Kalkulation realisiert, um Profit zu generieren. Viele Bauvorhaben sind in Verbindung zur Denkmalf&ouml;rderung an einen hohen Qualit&auml;tsanspruch gebunden. Die Projekte liegen zum Gro&szlig;teil am Wasser, die meisten davon an der Ostsee und der M&uuml;ritz. Aktuell sanieren wir beispielsweise ein altes Schloss in der N&auml;he von L&uuml;beck, wo nur noch eine Ruine den Bestand bildet. Das ist ein sehr spannendes und forderndes Aufgabenfeld.<\/p>\n\n            <\/div>\n        <\/div>\n            <\/div>\n<\/div>\n\n<div\n    id=\"\"\n    class=\"wp-block-content-image margin-bottom-normal\"\n>\n    <div class=\"container-lg\">\n        <div class=\"row\">\n            <div class=\"col-12\">\n                <div  x-data=\"{ modal: false }\" >\n\n                    <div class=\"image-wrapper\">\n                        <picture>\n                        <source\n                media=\"(max-width: 576px)\"\n                srcset=\"https:\/\/cdn3.fh-joanneum.at\/media\/sites\/32\/2020\/07\/di-malte-brendemuehl-b-atcm-14.jpg, https:\/\/cdn3.fh-joanneum.at\/media\/sites\/32\/2020\/07\/di-malte-brendemuehl-b-atcm-14-768x576.jpg 2x\"\n            \/>\n                    <source\n                media=\"(max-width: 768px)\"\n                srcset=\"https:\/\/cdn3.fh-joanneum.at\/media\/sites\/32\/2020\/07\/di-malte-brendemuehl-b-atcm-14-768x576.jpg, https:\/\/cdn3.fh-joanneum.at\/media\/sites\/32\/2020\/07\/di-malte-brendemuehl-b-atcm-14-1024x768.jpg 2x\"\n            \/>\n                    <source\n                media=\"(max-width: 1024px)\"\n                srcset=\"https:\/\/cdn3.fh-joanneum.at\/media\/sites\/32\/2020\/07\/di-malte-brendemuehl-b-atcm-14-1024x768.jpg, https:\/\/cdn3.fh-joanneum.at\/media\/sites\/32\/2020\/07\/di-malte-brendemuehl-b-atcm-14.jpg 2x\"\n            \/>\n                    <source\n                media=\"(max-width: 1536px)\"\n                srcset=\"https:\/\/cdn3.fh-joanneum.at\/media\/sites\/32\/2020\/07\/di-malte-brendemuehl-b-atcm-14.jpg, https:\/\/cdn3.fh-joanneum.at\/media\/sites\/32\/2020\/07\/di-malte-brendemuehl-b-atcm-14.jpg 2x\"\n            \/>\n                    <source\n                media=\"(max-width: 2048px)\"\n                srcset=\"https:\/\/cdn3.fh-joanneum.at\/media\/sites\/32\/2020\/07\/di-malte-brendemuehl-b-atcm-14.jpg, https:\/\/cdn3.fh-joanneum.at\/media\/sites\/32\/2020\/07\/di-malte-brendemuehl-b-atcm-14.jpg 2x\"\n            \/>\n                <img decoding=\"async\"\n        class=\"img-fluid @if ($image_credit || $media_subtitle) mb-2 @endif @if ($lightbox) modal-trigger @endif\" @click=\"modal = !modal\" aria-expanded=\"false\"\n        src=\"https:\/\/cdn3.fh-joanneum.at\/media\/sites\/32\/2020\/07\/di-malte-brendemuehl-b-atcm-14.jpg\"\n        alt=\"DI Malte Brendem\u00fchl, B.ATCM 13\"\n        title=\"\"\n         loading=\"lazy\"             >\n<\/picture>\n\n                                                                            <p class=\"text-muted\">Schloss P\u00f6tenitz bei L\u00fcbeck (Foto: Malte Brendem\u00fchl)<\/p>\n                                            <\/div>\n\n                                            <div\n                            class=\"modal-wrapper\"\n                            :class=\"{ 'active': modal }\"\n                        >\n                            <div\n                                class=\"backdrop\"\n                                x-show.transition.opacity.duration.600ms=\"modal\"\n                                @click=\"modal = false\"\n                                style=\"display: none;\"\n                            ><\/div>\n                            <button\n                                class=\"close-btn\"\n                                @click=\"modal = false\"\n                            >\n                                <svg class=\"fill\" id=\"icon-close\" viewBox=\"0 0 512 512\" xmlns=\"http:\/\/www.w3.org\/2000\/svg\">\n  <path d=\"m308 256l193-194c15-14 15-37 0-51-14-15-37-15-51 0l-194 193-194-193c-14-15-37-15-51 0-15 14-15 37 0 51l193 194-193 194c-15 14-15 37 0 51 7 7 16 11 26 11 9 0 18-4 25-11l194-193 194 193c7 7 16 11 25 11 10 0 19-4 26-11 15-14 15-37 0-51z\"\/>\n<\/svg>                            <\/button>\n                            <div class=\"modal-panel\">\n                                <picture>\n                        <source\n                media=\"(max-width: 576px)\"\n                srcset=\"https:\/\/cdn3.fh-joanneum.at\/media\/sites\/32\/2020\/07\/di-malte-brendemuehl-b-atcm-14.jpg, https:\/\/cdn3.fh-joanneum.at\/media\/sites\/32\/2020\/07\/di-malte-brendemuehl-b-atcm-14-768x576.jpg 2x\"\n            \/>\n                    <source\n                media=\"(max-width: 768px)\"\n                srcset=\"https:\/\/cdn3.fh-joanneum.at\/media\/sites\/32\/2020\/07\/di-malte-brendemuehl-b-atcm-14-768x576.jpg, https:\/\/cdn3.fh-joanneum.at\/media\/sites\/32\/2020\/07\/di-malte-brendemuehl-b-atcm-14-1024x768.jpg 2x\"\n            \/>\n                    <source\n                media=\"(max-width: 1024px)\"\n                srcset=\"https:\/\/cdn3.fh-joanneum.at\/media\/sites\/32\/2020\/07\/di-malte-brendemuehl-b-atcm-14-1024x768.jpg, https:\/\/cdn3.fh-joanneum.at\/media\/sites\/32\/2020\/07\/di-malte-brendemuehl-b-atcm-14.jpg 2x\"\n            \/>\n                    <source\n                media=\"(max-width: 1536px)\"\n                srcset=\"https:\/\/cdn3.fh-joanneum.at\/media\/sites\/32\/2020\/07\/di-malte-brendemuehl-b-atcm-14.jpg, https:\/\/cdn3.fh-joanneum.at\/media\/sites\/32\/2020\/07\/di-malte-brendemuehl-b-atcm-14.jpg 2x\"\n            \/>\n                    <source\n                media=\"(max-width: 2048px)\"\n                srcset=\"https:\/\/cdn3.fh-joanneum.at\/media\/sites\/32\/2020\/07\/di-malte-brendemuehl-b-atcm-14.jpg, https:\/\/cdn3.fh-joanneum.at\/media\/sites\/32\/2020\/07\/di-malte-brendemuehl-b-atcm-14.jpg 2x\"\n            \/>\n                <img decoding=\"async\"\n        class=\"img-fluid\"\n        src=\"https:\/\/cdn3.fh-joanneum.at\/media\/sites\/32\/2020\/07\/di-malte-brendemuehl-b-atcm-14.jpg\"\n        alt=\"DI Malte Brendem\u00fchl, B.ATCM 13\"\n        title=\"\"\n         loading=\"lazy\"             >\n<\/picture>\n\n                            <\/div>\n                        <\/div>\n                                    <\/div>\n\n            <\/div>\n        <\/div>\n    <\/div>\n<\/div>\n\n<div id=\"\" class=\"wp-block-text-content margin-bottom-normal\">\n    <div class=\"container-lg\">\n        <div class=\"row\">\n            <div class=\"col\">\n                <h5>Wichtige F&auml;higkeiten in meinem Job:<\/h5>\n<ol>\n<li>Strukturiertes Arbeiten  <\/li>\n<li>Wirtschaftliches und unternehmerisches Denken  <\/li>\n<li>Eigeninitiative, Motivation und Selbst&auml;ndigkeit<\/li>\n<\/ol>\n<h5>Mein bisher gr&ouml;&szlig;ter Erfolg in meiner Karriere:<\/h5>\n<p>Da ich erst Ende 2017 aus einem gr&ouml;&szlig;eren Architekturb&uuml;ro heraus ins Baumanagement gewechselt bin, sehe ich meinen bisherigen gr&ouml;&szlig;ten Erfolg eigentlich in meiner Zeit auf der FH JOANNEUM. W&auml;hrend meiner Studienzeit habe ich mit meiner Kommilitonin Katharina mit dem Projekt &ldquo;holzgrid &ndash; der Schein einer H&uuml;tte&rdquo; zuerst den 1. Platz bei einem Wettbewerb und anschlie&szlig;end den <a href=\"https:\/\/www.fh-joanneum.at\/presse\/holzbaupreis-steiermark-2017\/\/\">Steirischen Holzbaupreis 2017<\/a> gewonnen.  <\/p>\n<h5>So bin ich zu meinem Job gekommen:<\/h5>\n<p>Nachdem ich in Graz w&auml;hrend des Studiums bei mehreren Architekturb&uuml;ros gearbeitet habe und zwei Jahre bei Markus Pernthaler erste Eindr&uuml;cke als Absolvent sammeln konnte, entschied ich mich weiter in Richtung Projektentwicklung zu gehen. Nach ein paar Jahren bei KS Baumanagement, wo ich die Planungsabteilung geleitet habe, bin ich nun in Rostock an der Ostsee gelandet. Das Angebot kam &uuml;ber einen gemeinsamen Kontakt aus der Branche.  <\/p>\n<h5>Das habe ich im Studium f&uuml;rs Berufsleben gelernt:<\/h5>\n<p>W&auml;hrend meines Studiums an der FH JOANNEUM habe ich immer gearbeitet. Ein eng gestrickter Stundenplan, Regelstudienzeit und mehrere Jobs nebenbei haben mir das effiziente und zielorientierte Planen gelehrt. Als Absolvent des Master-Studiengang Architektur w&uuml;rde ich mich als Generalist bezeichnen. Man bekommt in jeder Vorlesung mit hohem Praxisbezug interessante Bereiche seines m&ouml;glichen Wirkungsbereiches vermittelt.  <\/p>\n<p>So habe ich w&auml;hrend meines Studiums mehrere Jahre in Architekturb&uuml;ros gearbeitet, wurde w&auml;hrend meines Studiums bereits &uuml;bernommen und konnte nach dem Diplom weiter im breiten Feld der Architektur erforschen, was meine Vertiefung f&uuml;r die Zukunft sein wird. <\/p>\n<h5>Die Jobchancen in meinem Bereich:<\/h5>\n<p>Wenn man gut ist schafft man es immer. Das habe ich mir immer gesagt und im Studium gearbeitet so viel ich konnte, um m&ouml;glichst viel Erfahrung zu bekommen. Die Noten haben darunter nie gelitten, weil mir das Studium immer viel Motivation f&uuml;r die Zukunft gegeben hat!  <\/p>\n<p>Im Bachelor arbeitete ich beispielsweise auch 3 Jahre nebenbei auf Baustellen als Zimmerer um den Studienstoff auch mit der Praxis verbinden zu k&ouml;nnen. Was ich in meiner jetzigen Position gelernt habe ist, dass Motivation und Eigeninitiative einen viel h&ouml;heren Stellenwert haben als ein Titel auf dem Papier. Man muss zielstrebig sein, dann geht alles!<\/p>\n\n            <\/div>\n        <\/div>\n            <\/div>\n<\/div>\n\n<div id=\"\" class=\"wp-block-text-content margin-bottom-normal\">\n    <div class=\"container-lg\">\n        <div class=\"row\">\n            <div class=\"col\">\n                <h5>Ich bin:<\/h5>\n<ol>\n<li>auch in stressigen Situationen ruhig und behalte den &Uuml;berblick,  <\/li>\n<li>motiviert, im neuen Fach viel zu lernen und zu den Besten zu geh&ouml;ren,  <\/li>\n<li>daf&uuml;r abends sehr m&uuml;de!<\/li>\n<\/ol>\n<h5>Ich &uuml;ber meinen Job:<\/h5>\n<p>In Zeiten von <em>Fridays for future<\/em> ist man in der Baubranche zu Recht nicht mehr in der Position, auf der gr&uuml;nen Wiese machen zu k&ouml;nnen, was man will. Nachhaltigkeit, Bauen im Bestand und der respektvolle Umgang mit Sanierungsobjekten sind sehr wichtig. Ein Portfolio an erfolgreichen Projekten der Denkmalpflege st&auml;rkt das Profil des Unternehmens, f&uuml;r das ich arbeite.  <\/p>\n<h5>Ich plane in Zukunft:<\/h5>\n<p>Ich m&ouml;chte nie aufh&ouml;ren neue Dinge zu lernen! <\/p>\n\n            <\/div>\n        <\/div>\n            <\/div>\n<\/div>\n\n","protected":false},"excerpt":{"rendered":"<p>Seit 2020 arbeitet Malte Brendem\u00fchl bei MUHSAL Immobilien &amp; Projektentwicklung in Rostock und ist dort als Planungsleiter t\u00e4tig.  <\/p>\n","protected":false},"author":73,"featured_media":10000963,"parent":10000296,"menu_order":29,"comment_status":"closed","ping_status":"closed","template":"template-absolvent.blade.php","meta":{"_acf_changed":false,"footnotes":""},"acf":[],"aioseo_notices":[],"_links":{"self":[{"href":"https:\/\/www.fh-joanneum.at\/architektur\/master\/wp-json\/wp\/v2\/pages\/10000657"}],"collection":[{"href":"https:\/\/www.fh-joanneum.at\/architektur\/master\/wp-json\/wp\/v2\/pages"}],"about":[{"href":"https:\/\/www.fh-joanneum.at\/architektur\/master\/wp-json\/wp\/v2\/types\/page"}],"author":[{"embeddable":true,"href":"https:\/\/www.fh-joanneum.at\/architektur\/master\/wp-json\/wp\/v2\/users\/73"}],"replies":[{"embeddable":true,"href":"https:\/\/www.fh-joanneum.at\/architektur\/master\/wp-json\/wp\/v2\/comments?post=10000657"}],"version-history":[{"count":0,"href":"https:\/\/www.fh-joanneum.at\/architektur\/master\/wp-json\/wp\/v2\/pages\/10000657\/revisions"}],"up":[{"embeddable":true,"href":"https:\/\/www.fh-joanneum.at\/architektur\/master\/wp-json\/wp\/v2\/pages\/10000296"}],"wp:featuredmedia":[{"embeddable":true,"href":"https:\/\/www.fh-joanneum.at\/architektur\/master\/wp-json\/wp\/v2\/media\/10000963"}],"wp:attachment":[{"href":"https:\/\/www.fh-joanneum.at\/architektur\/master\/wp-json\/wp\/v2\/media?parent=10000657"}],"curies":[{"name":"wp","href":"https:\/\/api.w.org\/{rel}","templated":true}]}}