{"id":10000257,"date":"2024-02-12T08:55:12","date_gmt":"2024-02-12T07:55:12","guid":{"rendered":"https:\/\/www.fh-joanneum.at\/digital-entrepreneurship\/master\/?page_id=257"},"modified":"2024-12-13T10:38:43","modified_gmt":"2024-12-13T09:38:43","slug":"absolventinnen","status":"publish","type":"page","link":"https:\/\/www.fh-joanneum.at\/digital-entrepreneurship\/master\/nach-dem-studium\/absolventinnen\/","title":{"rendered":"Absolvent:innen"},"content":{"rendered":"<div id=\"\" class=\"wp-block-text-content margin-bottom-small\">\n    <div class=\"container-lg\">\n        <div class=\"row\">\n            <div class=\"col\">\n                <div class=\"module-migration-headline\">\n<h3>Was machen unsere Absolvent:innen?<\/h3>\n<\/div>\n\n            <\/div>\n        <\/div>\n            <\/div>\n<\/div>\n\n\n<div id=\"\" class=\"wp-block-text-content margin-bottom-normal\">\n    <div class=\"container-lg\">\n        <div class=\"row\">\n            <div class=\"col\">\n                <p><span class=\"TextRun SCXW34132719 BCX8\" lang=\"DE-AT\" xml:lang=\"DE-AT\" data-contrast=\"auto\"><span class=\"NormalTextRun SCXW34132719 BCX8\">Unser junger Studiengang hat bereits <\/span><span class=\"NormalTextRun SCXW34132719 BCX8\">einige<\/span> <span class=\"NormalTextRun SCXW34132719 BCX8\">Absolvent:innen<\/span> <span class=\"NormalTextRun SCXW34132719 BCX8\">hervorgebracht<\/span><span class=\"NormalTextRun SCXW34132719 BCX8\">, auf die wir <\/span><span class=\"NormalTextRun SCXW34132719 BCX8\">alle <\/span><span class=\"NormalTextRun SCXW34132719 BCX8\">sehr stolz sind<\/span><span class=\"NormalTextRun SCXW34132719 BCX8\">. Nachfolgend erste exemplarische <\/span><span class=\"NormalTextRun SCXW34132719 BCX8\">Alumniprofile<\/span><span class=\"NormalTextRun SCXW34132719 BCX8\">:<\/span><\/span><span class=\"EOP SCXW34132719 BCX8\" data-ccp-props=\"{}\">&nbsp;<\/span><\/p>\n\n            <\/div>\n        <\/div>\n            <\/div>\n<\/div>\n\n\n<div id=\"\" class=\"wp-block-list-of-graduates margin-bottom-normal\">\n  <div class=\"container-lg\">\n    <div class=\"row\">\n                        <div class=\"col-6 col-sm-4 col-md-6 col-lg-4 col-xl-4 mb-4\">\n            <a\n    href=\"https:\/\/www.fh-joanneum.at\/digital-entrepreneurship\/master\/nach-dem-studium\/absolventinnen\/moritz-lumetsberger\/\"\n    class=\"graduate-card bg-light\"\n>\n    <div class=\"border border-light h-100\">\n        <div class=\"image-wrapper\">\n            <picture>\n                        <source\n                media=\"(max-width: 384px)\"\n                srcset=\"https:\/\/cdn3.fh-joanneum.at\/media\/sites\/83\/2024\/12\/Moritz-Lumetsberger-384x576.jpg, https:\/\/cdn3.fh-joanneum.at\/media\/sites\/83\/2024\/12\/Moritz-Lumetsberger-768x1152.jpg 2x\"\n            \/>\n                    <source\n                media=\"(max-width: 768px)\"\n                srcset=\"https:\/\/cdn3.fh-joanneum.at\/media\/sites\/83\/2024\/12\/Moritz-Lumetsberger-768x1152.jpg, https:\/\/cdn3.fh-joanneum.at\/media\/sites\/83\/2024\/12\/Moritz-Lumetsberger-683x1024.jpg 2x\"\n            \/>\n                    <source\n                media=\"(max-width: 683px)\"\n                srcset=\"https:\/\/cdn3.fh-joanneum.at\/media\/sites\/83\/2024\/12\/Moritz-Lumetsberger-683x1024.jpg, https:\/\/cdn3.fh-joanneum.at\/media\/sites\/83\/2024\/12\/Moritz-Lumetsberger-1024x1536.jpg 2x\"\n            \/>\n                    <source\n                media=\"(max-width: 1024px)\"\n                srcset=\"https:\/\/cdn3.fh-joanneum.at\/media\/sites\/83\/2024\/12\/Moritz-Lumetsberger-1024x1536.jpg, https:\/\/cdn3.fh-joanneum.at\/media\/sites\/83\/2024\/12\/Moritz-Lumetsberger.jpg 2x\"\n            \/>\n                    <source\n                media=\"(max-width: 1200px)\"\n                srcset=\"https:\/\/cdn3.fh-joanneum.at\/media\/sites\/83\/2024\/12\/Moritz-Lumetsberger.jpg, https:\/\/cdn3.fh-joanneum.at\/media\/sites\/83\/2024\/12\/Moritz-Lumetsberger.jpg 2x\"\n            \/>\n                <img decoding=\"async\"\n        class=\"img-fluid\"\n        src=\"https:\/\/cdn3.fh-joanneum.at\/media\/sites\/83\/2024\/12\/Moritz-Lumetsberger.jpg\"\n        alt=\"Das Bild zeigt Moritz Lumetsberger\"\n        title=\"\u00a9 Luke Goodlife\"\n         loading=\"lazy\"             >\n<\/picture>\n\n        <\/div>\n        <div class=\"p-2 p-xl-3\">\n            <h6>Moritz Lumetsberger<\/h6>\n            <p class=\"mb-0 hyphens\">\n                Ich bin Moritz Lumetsberger, Co-Founder &amp; CEO von rendersnek, welches sich auf 3D-Animationen in der sogenannten Fake Out Of Home (FOOH)-Werbung spezialisiert hat. Videos aus unserer Feder finden Sie auf den Social Media Kan\u00e4len von Coca-Cola, dm, OBI, Vapiano, Volvo, RedBull oder auch der Wiener Staatsoper.\n            <\/p>\n        <\/div>\n    <\/div>\n<\/a>\n          <\/div>\n                  <div class=\"col-6 col-sm-4 col-md-6 col-lg-4 col-xl-4 mb-4\">\n            <a\n    href=\"https:\/\/www.fh-joanneum.at\/digital-entrepreneurship\/master\/nach-dem-studium\/absolventinnen\/anna-haefele\/\"\n    class=\"graduate-card bg-light\"\n>\n    <div class=\"border border-light h-100\">\n        <div class=\"image-wrapper\">\n            <picture>\n                        <source\n                media=\"(max-width: 576px)\"\n                srcset=\"https:\/\/cdn3.fh-joanneum.at\/media\/sites\/83\/2024\/12\/world4you-Startkapital-small-88-576x474.jpg, https:\/\/cdn3.fh-joanneum.at\/media\/sites\/83\/2024\/12\/world4you-Startkapital-small-88-768x631.jpg 2x\"\n            \/>\n                    <source\n                media=\"(max-width: 768px)\"\n                srcset=\"https:\/\/cdn3.fh-joanneum.at\/media\/sites\/83\/2024\/12\/world4you-Startkapital-small-88-768x631.jpg, https:\/\/cdn3.fh-joanneum.at\/media\/sites\/83\/2024\/12\/world4you-Startkapital-small-88.jpg 2x\"\n            \/>\n                    <source\n                media=\"(max-width: 815px)\"\n                srcset=\"https:\/\/cdn3.fh-joanneum.at\/media\/sites\/83\/2024\/12\/world4you-Startkapital-small-88.jpg, https:\/\/cdn3.fh-joanneum.at\/media\/sites\/83\/2024\/12\/world4you-Startkapital-small-88.jpg 2x\"\n            \/>\n                    <source\n                media=\"(max-width: 815px)\"\n                srcset=\"https:\/\/cdn3.fh-joanneum.at\/media\/sites\/83\/2024\/12\/world4you-Startkapital-small-88.jpg, https:\/\/cdn3.fh-joanneum.at\/media\/sites\/83\/2024\/12\/world4you-Startkapital-small-88.jpg 2x\"\n            \/>\n                    <source\n                media=\"(max-width: 815px)\"\n                srcset=\"https:\/\/cdn3.fh-joanneum.at\/media\/sites\/83\/2024\/12\/world4you-Startkapital-small-88.jpg, https:\/\/cdn3.fh-joanneum.at\/media\/sites\/83\/2024\/12\/world4you-Startkapital-small-88.jpg 2x\"\n            \/>\n                <img decoding=\"async\"\n        class=\"img-fluid\"\n        src=\"https:\/\/cdn3.fh-joanneum.at\/media\/sites\/83\/2024\/12\/world4you-Startkapital-small-88.jpg\"\n        alt=\"\"\n        title=\"\"\n         loading=\"lazy\"             >\n<\/picture>\n\n        <\/div>\n        <div class=\"p-2 p-xl-3\">\n            <h6>Anna H\u00e4fele<\/h6>\n            <p class=\"mb-0 hyphens\">\n                Ich bin Anna H\u00e4fele, Entrepreneur und CEO von equidamus. Mein Fokus liegt darauf, kreative Strategien f\u00fcr unser Start-up zu entwickeln, Reitlehrer:innen von unserem Angebot zu \u00fcberzeugen und neue F\u00f6rder- sowie Investitionsm\u00f6glichkeiten zu erschlie\u00dfen.\n            <\/p>\n        <\/div>\n    <\/div>\n<\/a>\n          <\/div>\n                  <div class=\"col-6 col-sm-4 col-md-6 col-lg-4 col-xl-4 mb-4\">\n            <a\n    href=\"https:\/\/www.fh-joanneum.at\/digital-entrepreneurship\/master\/nach-dem-studium\/absolventinnen\/anna-lena-reischl\/\"\n    class=\"graduate-card bg-light\"\n>\n    <div class=\"border border-light h-100\">\n        <div class=\"image-wrapper\">\n            <picture>\n                        <source\n                media=\"(max-width: 384px)\"\n                srcset=\"https:\/\/cdn3.fh-joanneum.at\/media\/sites\/83\/2025\/01\/Foto_Anna-Lena-Reischl-384x576.jpg, https:\/\/cdn3.fh-joanneum.at\/media\/sites\/83\/2025\/01\/Foto_Anna-Lena-Reischl-768x1152.jpg 2x\"\n            \/>\n                    <source\n                media=\"(max-width: 768px)\"\n                srcset=\"https:\/\/cdn3.fh-joanneum.at\/media\/sites\/83\/2025\/01\/Foto_Anna-Lena-Reischl-768x1152.jpg, https:\/\/cdn3.fh-joanneum.at\/media\/sites\/83\/2025\/01\/Foto_Anna-Lena-Reischl-683x1024.jpg 2x\"\n            \/>\n                    <source\n                media=\"(max-width: 683px)\"\n                srcset=\"https:\/\/cdn3.fh-joanneum.at\/media\/sites\/83\/2025\/01\/Foto_Anna-Lena-Reischl-683x1024.jpg, https:\/\/cdn3.fh-joanneum.at\/media\/sites\/83\/2025\/01\/Foto_Anna-Lena-Reischl-1024x1536.jpg 2x\"\n            \/>\n                    <source\n                media=\"(max-width: 1024px)\"\n                srcset=\"https:\/\/cdn3.fh-joanneum.at\/media\/sites\/83\/2025\/01\/Foto_Anna-Lena-Reischl-1024x1536.jpg, https:\/\/cdn3.fh-joanneum.at\/media\/sites\/83\/2025\/01\/Foto_Anna-Lena-Reischl.jpg 2x\"\n            \/>\n                    <source\n                media=\"(max-width: 1170px)\"\n                srcset=\"https:\/\/cdn3.fh-joanneum.at\/media\/sites\/83\/2025\/01\/Foto_Anna-Lena-Reischl.jpg, https:\/\/cdn3.fh-joanneum.at\/media\/sites\/83\/2025\/01\/Foto_Anna-Lena-Reischl.jpg 2x\"\n            \/>\n                <img decoding=\"async\"\n        class=\"img-fluid\"\n        src=\"https:\/\/cdn3.fh-joanneum.at\/media\/sites\/83\/2025\/01\/Foto_Anna-Lena-Reischl.jpg\"\n        alt=\"\"\n        title=\"\"\n         loading=\"lazy\"             >\n<\/picture>\n\n        <\/div>\n        <div class=\"p-2 p-xl-3\">\n            <h6>Anna-Lena Reischl<\/h6>\n            <p class=\"mb-0 hyphens\">\n                Ich bin Anna-Lena Reischl, Strategic Planner bei BBDO. In meinem Job f\u00fchre ich unter anderem Markt- und Trendanalysen durch, besch\u00e4ftige mich mit der strategischen Planung von Kampagnen und entwickle Markenstrategien. \n            <\/p>\n        <\/div>\n    <\/div>\n<\/a>\n          <\/div>\n                  <div class=\"col-6 col-sm-4 col-md-6 col-lg-4 col-xl-4 mb-4\">\n            <a\n    href=\"https:\/\/www.fh-joanneum.at\/digital-entrepreneurship\/master\/nach-dem-studium\/absolventinnen\/peter-riess\/\"\n    class=\"graduate-card bg-light\"\n>\n    <div class=\"border border-light h-100\">\n        <div class=\"image-wrapper\">\n            <picture>\n                        <source\n                media=\"(max-width: 461px)\"\n                srcset=\"https:\/\/cdn3.fh-joanneum.at\/media\/sites\/83\/2024\/02\/peter-riess-scaled.jpg, https:\/\/cdn3.fh-joanneum.at\/media\/sites\/83\/2024\/02\/peter-riess-768x960.jpg 2x\"\n            \/>\n                    <source\n                media=\"(max-width: 768px)\"\n                srcset=\"https:\/\/cdn3.fh-joanneum.at\/media\/sites\/83\/2024\/02\/peter-riess-768x960.jpg, https:\/\/cdn3.fh-joanneum.at\/media\/sites\/83\/2024\/02\/peter-riess-819x1024.jpg 2x\"\n            \/>\n                    <source\n                media=\"(max-width: 819px)\"\n                srcset=\"https:\/\/cdn3.fh-joanneum.at\/media\/sites\/83\/2024\/02\/peter-riess-819x1024.jpg, https:\/\/cdn3.fh-joanneum.at\/media\/sites\/83\/2024\/02\/peter-riess-1229x1536.jpg 2x\"\n            \/>\n                    <source\n                media=\"(max-width: 1229px)\"\n                srcset=\"https:\/\/cdn3.fh-joanneum.at\/media\/sites\/83\/2024\/02\/peter-riess-1229x1536.jpg, https:\/\/cdn3.fh-joanneum.at\/media\/sites\/83\/2024\/02\/peter-riess-1638x2048.jpg 2x\"\n            \/>\n                    <source\n                media=\"(max-width: 1638px)\"\n                srcset=\"https:\/\/cdn3.fh-joanneum.at\/media\/sites\/83\/2024\/02\/peter-riess-1638x2048.jpg, https:\/\/cdn3.fh-joanneum.at\/media\/sites\/83\/2024\/02\/peter-riess-scaled.jpg 2x\"\n            \/>\n                <img decoding=\"async\"\n        class=\"img-fluid\"\n        src=\"https:\/\/cdn3.fh-joanneum.at\/media\/sites\/83\/2024\/02\/peter-riess-scaled.jpg\"\n        alt=\"Peter Rie\u00df\"\n        title=\"\"\n         loading=\"lazy\"             >\n<\/picture>\n\n        <\/div>\n        <div class=\"p-2 p-xl-3\">\n            <h6>Peter Rie\u00df<\/h6>\n            <p class=\"mb-0 hyphens\">\n                Mein Name ist Peter und ich leite seit Ende 2023 eine Werbeagentur in Graz. Warum DEM der ideale Master ist? Lese weiter!\n            <\/p>\n        <\/div>\n    <\/div>\n<\/a>\n          <\/div>\n                  <div class=\"col-6 col-sm-4 col-md-6 col-lg-4 col-xl-4 mb-4\">\n            <a\n    href=\"https:\/\/www.fh-joanneum.at\/digital-entrepreneurship\/master\/nach-dem-studium\/absolventinnen\/johannes-meindl\/\"\n    class=\"graduate-card bg-light\"\n>\n    <div class=\"border border-light h-100\">\n        <div class=\"image-wrapper\">\n            <picture>\n                        <source\n                media=\"(max-width: 384px)\"\n                srcset=\"https:\/\/cdn3.fh-joanneum.at\/media\/sites\/83\/2024\/02\/johannes-meindl-scaled.jpg, https:\/\/cdn3.fh-joanneum.at\/media\/sites\/83\/2024\/02\/johannes-meindl-768x1152.jpg 2x\"\n            \/>\n                    <source\n                media=\"(max-width: 768px)\"\n                srcset=\"https:\/\/cdn3.fh-joanneum.at\/media\/sites\/83\/2024\/02\/johannes-meindl-768x1152.jpg, https:\/\/cdn3.fh-joanneum.at\/media\/sites\/83\/2024\/02\/johannes-meindl-683x1024.jpg 2x\"\n            \/>\n                    <source\n                media=\"(max-width: 683px)\"\n                srcset=\"https:\/\/cdn3.fh-joanneum.at\/media\/sites\/83\/2024\/02\/johannes-meindl-683x1024.jpg, https:\/\/cdn3.fh-joanneum.at\/media\/sites\/83\/2024\/02\/johannes-meindl-1024x1536.jpg 2x\"\n            \/>\n                    <source\n                media=\"(max-width: 1024px)\"\n                srcset=\"https:\/\/cdn3.fh-joanneum.at\/media\/sites\/83\/2024\/02\/johannes-meindl-1024x1536.jpg, https:\/\/cdn3.fh-joanneum.at\/media\/sites\/83\/2024\/02\/johannes-meindl-1365x2048.jpg 2x\"\n            \/>\n                    <source\n                media=\"(max-width: 1365px)\"\n                srcset=\"https:\/\/cdn3.fh-joanneum.at\/media\/sites\/83\/2024\/02\/johannes-meindl-1365x2048.jpg, https:\/\/cdn3.fh-joanneum.at\/media\/sites\/83\/2024\/02\/johannes-meindl-scaled.jpg 2x\"\n            \/>\n                <img decoding=\"async\"\n        class=\"img-fluid\"\n        src=\"https:\/\/cdn3.fh-joanneum.at\/media\/sites\/83\/2024\/02\/johannes-meindl-scaled.jpg\"\n        alt=\"Johannes Meindl\"\n        title=\"\"\n         loading=\"lazy\"             >\n<\/picture>\n\n        <\/div>\n        <div class=\"p-2 p-xl-3\">\n            <h6>Johannes Meindl<\/h6>\n            <p class=\"mb-0 hyphens\">\n                Neben anderen Funktionen bin ich in meinem Job im operativen Gesch\u00e4ft vor allem daf\u00fcr verantwortlich mit unseren ersten Lead- und Testkunden zu kommunizieren, deren W\u00fcnsche und Bed\u00fcrfnisse zu b\u00fcndeln und nach Abw\u00e4gung und Priorisierung in unser Produkt einzubringen, dieses \u00fcber die Umsetzung hinweg zu begleiten, zu testen und danach wieder zur\u00fcck zu den Kunden zu kommunizieren. Mit easily (easily.energy) verfolgen wir die Vision, E-Autoladen f\u00fcr alle super einfach zu machen.\n            <\/p>\n        <\/div>\n    <\/div>\n<\/a>\n          <\/div>\n                  <div class=\"col-6 col-sm-4 col-md-6 col-lg-4 col-xl-4 mb-4\">\n            <a\n    href=\"https:\/\/www.fh-joanneum.at\/digital-entrepreneurship\/master\/nach-dem-studium\/absolventinnen\/eva-maria-polz\/\"\n    class=\"graduate-card bg-light\"\n>\n    <div class=\"border border-light h-100\">\n        <div class=\"image-wrapper\">\n            <picture>\n                        <source\n                media=\"(max-width: 384px)\"\n                srcset=\"https:\/\/cdn3.fh-joanneum.at\/media\/sites\/83\/2024\/02\/eva-maria-polz-scaled.jpg, https:\/\/cdn3.fh-joanneum.at\/media\/sites\/83\/2024\/02\/eva-maria-polz-768x1152.jpg 2x\"\n            \/>\n                    <source\n                media=\"(max-width: 768px)\"\n                srcset=\"https:\/\/cdn3.fh-joanneum.at\/media\/sites\/83\/2024\/02\/eva-maria-polz-768x1152.jpg, https:\/\/cdn3.fh-joanneum.at\/media\/sites\/83\/2024\/02\/eva-maria-polz-683x1024.jpg 2x\"\n            \/>\n                    <source\n                media=\"(max-width: 683px)\"\n                srcset=\"https:\/\/cdn3.fh-joanneum.at\/media\/sites\/83\/2024\/02\/eva-maria-polz-683x1024.jpg, https:\/\/cdn3.fh-joanneum.at\/media\/sites\/83\/2024\/02\/eva-maria-polz-1024x1536.jpg 2x\"\n            \/>\n                    <source\n                media=\"(max-width: 1024px)\"\n                srcset=\"https:\/\/cdn3.fh-joanneum.at\/media\/sites\/83\/2024\/02\/eva-maria-polz-1024x1536.jpg, https:\/\/cdn3.fh-joanneum.at\/media\/sites\/83\/2024\/02\/eva-maria-polz-1365x2048.jpg 2x\"\n            \/>\n                    <source\n                media=\"(max-width: 1365px)\"\n                srcset=\"https:\/\/cdn3.fh-joanneum.at\/media\/sites\/83\/2024\/02\/eva-maria-polz-1365x2048.jpg, https:\/\/cdn3.fh-joanneum.at\/media\/sites\/83\/2024\/02\/eva-maria-polz-scaled.jpg 2x\"\n            \/>\n                <img decoding=\"async\"\n        class=\"img-fluid\"\n        src=\"https:\/\/cdn3.fh-joanneum.at\/media\/sites\/83\/2024\/02\/eva-maria-polz-scaled.jpg\"\n        alt=\"Eva-Maria Polz\"\n        title=\"\"\n         loading=\"lazy\"             >\n<\/picture>\n\n        <\/div>\n        <div class=\"p-2 p-xl-3\">\n            <h6>Eva-Maria Polz<\/h6>\n            <p class=\"mb-0 hyphens\">\n                Ich bin Eva-Maria und als selbstst\u00e4ndige Di\u00e4tologin, Team Ern\u00e4hrung, t\u00e4tig. Aktuell liegt mein Fokus im weiteren Aufbau bzw. der Etablierung von Team Ern\u00e4hrung, wobei insbesondere die Zielgruppe der Rheumatiker:innen zuk\u00fcnftig angesprochen werden soll. \n            <\/p>\n        <\/div>\n    <\/div>\n<\/a>\n          <\/div>\n                  <div class=\"col-6 col-sm-4 col-md-6 col-lg-4 col-xl-4 mb-4\">\n            <a\n    href=\"https:\/\/www.fh-joanneum.at\/digital-entrepreneurship\/master\/nach-dem-studium\/absolventinnen\/hannah-steurer\/\"\n    class=\"graduate-card bg-light\"\n>\n    <div class=\"border border-light h-100\">\n        <div class=\"image-wrapper\">\n            <picture>\n                        <source\n                media=\"(max-width: 384px)\"\n                srcset=\"https:\/\/cdn3.fh-joanneum.at\/media\/sites\/83\/2024\/02\/hannah-steurer.jpeg, https:\/\/cdn3.fh-joanneum.at\/media\/sites\/83\/2024\/02\/hannah-steurer-768x1153.jpeg 2x\"\n            \/>\n                    <source\n                media=\"(max-width: 768px)\"\n                srcset=\"https:\/\/cdn3.fh-joanneum.at\/media\/sites\/83\/2024\/02\/hannah-steurer-768x1153.jpeg, https:\/\/cdn3.fh-joanneum.at\/media\/sites\/83\/2024\/02\/hannah-steurer-682x1024.jpeg 2x\"\n            \/>\n                    <source\n                media=\"(max-width: 682px)\"\n                srcset=\"https:\/\/cdn3.fh-joanneum.at\/media\/sites\/83\/2024\/02\/hannah-steurer-682x1024.jpeg, https:\/\/cdn3.fh-joanneum.at\/media\/sites\/83\/2024\/02\/hannah-steurer-1023x1536.jpeg 2x\"\n            \/>\n                    <source\n                media=\"(max-width: 1023px)\"\n                srcset=\"https:\/\/cdn3.fh-joanneum.at\/media\/sites\/83\/2024\/02\/hannah-steurer-1023x1536.jpeg, https:\/\/cdn3.fh-joanneum.at\/media\/sites\/83\/2024\/02\/hannah-steurer.jpeg 2x\"\n            \/>\n                    <source\n                media=\"(max-width: 1066px)\"\n                srcset=\"https:\/\/cdn3.fh-joanneum.at\/media\/sites\/83\/2024\/02\/hannah-steurer.jpeg, https:\/\/cdn3.fh-joanneum.at\/media\/sites\/83\/2024\/02\/hannah-steurer.jpeg 2x\"\n            \/>\n                <img decoding=\"async\"\n        class=\"img-fluid\"\n        src=\"https:\/\/cdn3.fh-joanneum.at\/media\/sites\/83\/2024\/02\/hannah-steurer.jpeg\"\n        alt=\"Hannah Steurer\"\n        title=\"\"\n         loading=\"lazy\"             >\n<\/picture>\n\n        <\/div>\n        <div class=\"p-2 p-xl-3\">\n            <h6>Hannah Steurer<\/h6>\n            <p class=\"mb-0 hyphens\">\n                Ich bin im Unternehmen Battery-Light Center Silke Steurer e.U. f\u00fcr Vertriebsau\u00dfendienst und Kundenbetreuung, Marketing und Organisation sowie Produktmanagement verantwortlich. \n            <\/p>\n        <\/div>\n    <\/div>\n<\/a>\n          <\/div>\n                  <\/div>\n  <\/div>\n<\/div>\n","protected":false},"excerpt":{"rendered":"<p>Wollen Sie mehr \u00fcber die Berufs- und Karrierewege unserer Absolvent:innen erfahren? Wir haben einige unserer ehemaligen Studierenden portraitiert, damit Sie sich selbst ein Bild machen k\u00f6nnen.<\/p>\n","protected":false},"author":38,"featured_media":0,"parent":10000040,"menu_order":19,"comment_status":"closed","ping_status":"closed","template":"","meta":{"_acf_changed":false,"footnotes":""},"acf":[],"aioseo_notices":[],"_links":{"self":[{"href":"https:\/\/www.fh-joanneum.at\/digital-entrepreneurship\/master\/wp-json\/wp\/v2\/pages\/10000257"}],"collection":[{"href":"https:\/\/www.fh-joanneum.at\/digital-entrepreneurship\/master\/wp-json\/wp\/v2\/pages"}],"about":[{"href":"https:\/\/www.fh-joanneum.at\/digital-entrepreneurship\/master\/wp-json\/wp\/v2\/types\/page"}],"author":[{"embeddable":true,"href":"https:\/\/www.fh-joanneum.at\/digital-entrepreneurship\/master\/wp-json\/wp\/v2\/users\/38"}],"replies":[{"embeddable":true,"href":"https:\/\/www.fh-joanneum.at\/digital-entrepreneurship\/master\/wp-json\/wp\/v2\/comments?post=10000257"}],"version-history":[{"count":3,"href":"https:\/\/www.fh-joanneum.at\/digital-entrepreneurship\/master\/wp-json\/wp\/v2\/pages\/10000257\/revisions"}],"predecessor-version":[{"id":10000450,"href":"https:\/\/www.fh-joanneum.at\/digital-entrepreneurship\/master\/wp-json\/wp\/v2\/pages\/10000257\/revisions\/10000450"}],"up":[{"embeddable":true,"href":"https:\/\/www.fh-joanneum.at\/digital-entrepreneurship\/master\/wp-json\/wp\/v2\/pages\/10000040"}],"wp:attachment":[{"href":"https:\/\/www.fh-joanneum.at\/digital-entrepreneurship\/master\/wp-json\/wp\/v2\/media?parent=10000257"}],"curies":[{"name":"wp","href":"https:\/\/api.w.org\/{rel}","templated":true}]}}