{"id":10091757,"date":"2024-03-21T16:45:14","date_gmt":"2024-03-21T14:45:14","guid":{"rendered":"https:\/\/www.fh-joanneum.at\/?post_type=projects&#038;p=91757"},"modified":"2024-03-21T16:45:14","modified_gmt":"2024-03-21T14:45:14","slug":"be-there","status":"publish","type":"project","link":"https:\/\/www.fh-joanneum.at\/en\/project\/be-there\/","title":{"rendered":"Be there!"},"content":{"rendered":"<div class=\"wp-block-sidebar-layout-container margin-bottom-normal\">\n    <div\n        class=\"container-lg\"\n        style=\"--bs-gutter-x: 0;\"\n    >\n        <div\n            class=\"row\"\n            style=\"--bs-gutter-x: 0;\"\n        >\n            \n<div class=\"col-12 col-md-3 order-1 order-md-0 sidebar\">\n            \n<div\n    id=\"\"\n    class=\"wp-block-institute-card margin-bottom-normal\"\n>\n    <div class=\"container-lg\">\n                                    <div class=\"row justify-content-around\">\n                    <div class=\"col-8 col-sm-6 col-md-12\">\n                        <a\n        class=\"gesundheitsstudien institute-card\"\n        href=\"https:\/\/www.fh-joanneum.at\/en\/institute\/dietetics-and-nutrition\/\"\n        target=\"_self\"\n    >\n                            <div class=\"major-bg-color\">\n            <div class=\"wrapper\">\n                <div class=\"header\">\n                    <span>Institute<\/span>\n                <\/div>\n                <h4>Dietetics and Nutrition<\/h4>\n            <\/div>\n        <\/div>\n            <span><\/span>\n                    <\/a>\n                    <\/div>\n                <\/div>\n                        <\/div>\n<\/div>\n\n<div\n    id=\"\"\n    class=\"wp-block-institute-card margin-bottom-normal\"\n>\n    <div class=\"container-lg\">\n                                    <div class=\"row justify-content-around\">\n                    <div class=\"col-8 col-sm-6 col-md-12\">\n                        <a\n        class=\"gesundheitsstudien institute-card\"\n        href=\"https:\/\/www.fh-joanneum.at\/en\/institute\/occupational-therapy\/\"\n        target=\"_self\"\n    >\n                            <div class=\"major-bg-color\">\n            <div class=\"wrapper\">\n                <div class=\"header\">\n                    <span>Institute<\/span>\n                <\/div>\n                <h4>Occupational Therapy<\/h4>\n            <\/div>\n        <\/div>\n            <span><\/span>\n                    <\/a>\n                    <\/div>\n                <\/div>\n                        <\/div>\n<\/div>\n\n<div\n    id=\"\"\n    class=\"wp-block-institute-card margin-bottom-normal\"\n>\n    <div class=\"container-lg\">\n                                    <div class=\"row justify-content-around\">\n                    <div class=\"col-8 col-sm-6 col-md-12\">\n                        <a\n        class=\"gesundheitsstudien institute-card\"\n        href=\"https:\/\/www.fh-joanneum.at\/en\/institute\/health-care-and-nursing\/\"\n        target=\"_self\"\n    >\n                            <div class=\"major-bg-color\">\n            <div class=\"wrapper\">\n                <div class=\"header\">\n                    <span>Institute<\/span>\n                <\/div>\n                <h4>Health Care and Nursing<\/h4>\n            <\/div>\n        <\/div>\n            <span><\/span>\n                    <\/a>\n                    <\/div>\n                <\/div>\n                        <\/div>\n<\/div>\n\n<div id=\"\" class=\"wp-block-fact-box margin-bottom-normal\">\n  <div class=\"container-lg\">\n        <div class=\"row justify-content-around\">\n            <div class=\"col-8 col-sm-6 col-md-12\">\n                <div class=\"card border border-light p-3\">\n                    <ul class=\"list-unstyled mb-0\">\n                                              <li\n                          class=\"mb-2\"\n                        >\n                          <div class=\"label mb-1\">\n                            Origin\n                          <\/div>\n                          <div class=\"value fw-bold\">Agenda Gesundheitsf\u00f6rderung und dem Fonds Gesundes \u00d6sterreich [FG\u00d6]<\/div>\n                        <\/li>\n                                              <li\n                          class=\"\"\n                        >\n                          <div class=\"label mb-1\">\n                            Duration\n                          <\/div>\n                          <div class=\"value fw-bold\">02.11.2022- 30.04.2023<\/div>\n                        <\/li>\n                                          <\/ul>\n                <\/div>\n            <\/div>\n        <\/div>\n    <\/div>\n<\/div>\n\n<div\n    id=\"\"\n    class=\"wp-block-text-card card margin-bottom-normal\"\n>\n    <div class=\"container-lg\">\n        <div class=\"row justify-content-around\">\n            <div class=\"col-8 col-sm-6 col-md-12\">\n                <div class=\"border border-light p-3\">\n                    <div class=\"module-migration-sidebar-ueberschrift-text\">\n<h4 class=\"field-migration-ueberschrift\">Project management<\/h4>\n<p class=\"field-migration-text\">\n<\/div>\n\n                <\/div>\n            <\/div>\n        <\/div>\n    <\/div>\n<\/div>\n\n<div\n        id=\"\"\n        class=\"wp-block-person-card margin-bottom-normal\"\n    >\n        <div class=\"container-lg\">\n            <div class=\"row justify-content-around\">\n                <div class=\"col-8 col-sm-6 col-md-12\">\n                    <a href=\"https:\/\/www.fh-joanneum.at\/en\/university\/person\/brigitte-loder-fink\"\n    class=\"person-card\">\n    <div class=\"border border-light h-100\">\n\n        <div class=\"image-wrapper\">\n            <picture>\n        <img decoding=\"async\"\n        class=\"img-fluid\"\n        src=\"https:\/\/online.fh-joanneum.at\/JOANNEUMonline\/visitenkarte.showImage?pPersonenGruppe=3&amp;pPersonenId=2F90644ACDC8F57E\"\n        alt=\"\"\n        title=\"\"\n                 onerror=\"this.src = 'https:\/\/www.fh-joanneum.at\/app\/themes\/fh\/public\/images\/avatar_dummy.e5edf9.png'\"     >\n<\/picture>\n\n        <\/div>\n        <div class=\"p-2 p-xl-3\">\n                        <h6>Brigitte Loder-Fink<\/h6>\n                            <p class=\"mb-1 hyphens\"> MSc<\/p>\n                        <p class=\"mb-0 hyphens\">\n              Senior Lecturer (FH)\n            <\/p>\n        <\/div>\n    <\/div>\n<\/a>                <\/div>\n            <\/div>\n        <\/div>\n    <\/div>\n\n<div id=\"\" class=\"wp-block-partner-card margin-bottom-normal\">\n  <div class=\"container-lg\">\n      <div class=\"row justify-content-around\">\n          <div class=\"col-8 col-sm-6 col-md-12\">\n              <a href=\"\">\n                  <div class=\"border border-light\">\n                      <picture>\n                        <source\n                media=\"(max-width: 576px)\"\n                srcset=\"https:\/\/cdn3.fh-joanneum.at\/media\/2024\/03\/sei-dabei-3.jpg, https:\/\/cdn3.fh-joanneum.at\/media\/2024\/03\/sei-dabei-3-768x278.jpg 2x\"\n            \/>\n                    <source\n                media=\"(max-width: 768px)\"\n                srcset=\"https:\/\/cdn3.fh-joanneum.at\/media\/2024\/03\/sei-dabei-3-768x278.jpg, https:\/\/cdn3.fh-joanneum.at\/media\/2024\/03\/sei-dabei-3-1024x371.jpg 2x\"\n            \/>\n                    <source\n                media=\"(max-width: 1024px)\"\n                srcset=\"https:\/\/cdn3.fh-joanneum.at\/media\/2024\/03\/sei-dabei-3-1024x371.jpg, https:\/\/cdn3.fh-joanneum.at\/media\/2024\/03\/sei-dabei-3.jpg 2x\"\n            \/>\n                    <source\n                media=\"(max-width: 1465px)\"\n                srcset=\"https:\/\/cdn3.fh-joanneum.at\/media\/2024\/03\/sei-dabei-3.jpg, https:\/\/cdn3.fh-joanneum.at\/media\/2024\/03\/sei-dabei-3.jpg 2x\"\n            \/>\n                    <source\n                media=\"(max-width: 1465px)\"\n                srcset=\"https:\/\/cdn3.fh-joanneum.at\/media\/2024\/03\/sei-dabei-3.jpg, https:\/\/cdn3.fh-joanneum.at\/media\/2024\/03\/sei-dabei-3.jpg 2x\"\n            \/>\n                <img decoding=\"async\"\n        class=\"img-fluid\"\n        src=\"https:\/\/cdn3.fh-joanneum.at\/media\/2024\/03\/sei-dabei-3.jpg\"\n        alt=\"Sei dabei! 2\"\n        title=\"\"\n         loading=\"lazy\"             >\n<\/picture>\n\n                      <div class=\"p-3\">\n                          <p>Partner<\/p>\n                          <h4>Volkshilfe Seniorenzentrum Bairisch K\u00f6lldorf <\/h4>\n                          <p> <\/p>\n                      <\/div>\n                  <\/div>\n              <\/a>\n          <\/div>\n      <\/div>\n  <\/div>\n<\/div>\n\n<div id=\"\" class=\"wp-block-partner-card margin-bottom-normal\">\n  <div class=\"container-lg\">\n      <div class=\"row justify-content-around\">\n          <div class=\"col-8 col-sm-6 col-md-12\">\n              <a href=\"\">\n                  <div class=\"border border-light\">\n                      <picture>\n                        <source\n                media=\"(max-width: 264px)\"\n                srcset=\"https:\/\/cdn3.fh-joanneum.at\/media\/2024\/03\/sei-dabei-4.jpg, https:\/\/cdn3.fh-joanneum.at\/media\/2024\/03\/sei-dabei-4.jpg 2x\"\n            \/>\n                    <source\n                media=\"(max-width: 264px)\"\n                srcset=\"https:\/\/cdn3.fh-joanneum.at\/media\/2024\/03\/sei-dabei-4.jpg, https:\/\/cdn3.fh-joanneum.at\/media\/2024\/03\/sei-dabei-4.jpg 2x\"\n            \/>\n                    <source\n                media=\"(max-width: 264px)\"\n                srcset=\"https:\/\/cdn3.fh-joanneum.at\/media\/2024\/03\/sei-dabei-4.jpg, https:\/\/cdn3.fh-joanneum.at\/media\/2024\/03\/sei-dabei-4.jpg 2x\"\n            \/>\n                    <source\n                media=\"(max-width: 264px)\"\n                srcset=\"https:\/\/cdn3.fh-joanneum.at\/media\/2024\/03\/sei-dabei-4.jpg, https:\/\/cdn3.fh-joanneum.at\/media\/2024\/03\/sei-dabei-4.jpg 2x\"\n            \/>\n                    <source\n                media=\"(max-width: 264px)\"\n                srcset=\"https:\/\/cdn3.fh-joanneum.at\/media\/2024\/03\/sei-dabei-4.jpg, https:\/\/cdn3.fh-joanneum.at\/media\/2024\/03\/sei-dabei-4.jpg 2x\"\n            \/>\n                <img decoding=\"async\"\n        class=\"img-fluid\"\n        src=\"https:\/\/cdn3.fh-joanneum.at\/media\/2024\/03\/sei-dabei-4.jpg\"\n        alt=\"Sei dabei! 3\"\n        title=\"\"\n         loading=\"lazy\"             >\n<\/picture>\n\n                      <div class=\"p-3\">\n                          <p>Partner<\/p>\n                          <h4>Merkendorf day care centre<\/h4>\n                          <p> <\/p>\n                      <\/div>\n                  <\/div>\n              <\/a>\n          <\/div>\n      <\/div>\n  <\/div>\n<\/div>\n\n<div id=\"\" class=\"wp-block-partner-card margin-bottom-normal\">\n  <div class=\"container-lg\">\n      <div class=\"row justify-content-around\">\n          <div class=\"col-8 col-sm-6 col-md-12\">\n              <a href=\"\">\n                  <div class=\"border border-light\">\n                      <picture>\n                        <source\n                media=\"(max-width: 576px)\"\n                srcset=\"https:\/\/cdn3.fh-joanneum.at\/media\/2024\/03\/sei-dabei-5.jpg, https:\/\/cdn3.fh-joanneum.at\/media\/2024\/03\/sei-dabei-5-768x351.jpg 2x\"\n            \/>\n                    <source\n                media=\"(max-width: 768px)\"\n                srcset=\"https:\/\/cdn3.fh-joanneum.at\/media\/2024\/03\/sei-dabei-5-768x351.jpg, https:\/\/cdn3.fh-joanneum.at\/media\/2024\/03\/sei-dabei-5-1024x468.jpg 2x\"\n            \/>\n                    <source\n                media=\"(max-width: 1024px)\"\n                srcset=\"https:\/\/cdn3.fh-joanneum.at\/media\/2024\/03\/sei-dabei-5-1024x468.jpg, https:\/\/cdn3.fh-joanneum.at\/media\/2024\/03\/sei-dabei-5-1536x702.jpg 2x\"\n            \/>\n                    <source\n                media=\"(max-width: 1536px)\"\n                srcset=\"https:\/\/cdn3.fh-joanneum.at\/media\/2024\/03\/sei-dabei-5-1536x702.jpg, https:\/\/cdn3.fh-joanneum.at\/media\/2024\/03\/sei-dabei-5.jpg 2x\"\n            \/>\n                    <source\n                media=\"(max-width: 1772px)\"\n                srcset=\"https:\/\/cdn3.fh-joanneum.at\/media\/2024\/03\/sei-dabei-5.jpg, https:\/\/cdn3.fh-joanneum.at\/media\/2024\/03\/sei-dabei-5.jpg 2x\"\n            \/>\n                <img decoding=\"async\"\n        class=\"img-fluid\"\n        src=\"https:\/\/cdn3.fh-joanneum.at\/media\/2024\/03\/sei-dabei-5.jpg\"\n        alt=\"Sei dabei! 4\"\n        title=\"\"\n         loading=\"lazy\"             >\n<\/picture>\n\n                      <div class=\"p-3\">\n                          <p>Partner<\/p>\n                          <h4>Red Cross<\/h4>\n                          <p> <\/p>\n                      <\/div>\n                  <\/div>\n              <\/a>\n          <\/div>\n      <\/div>\n  <\/div>\n<\/div>\n\n\n<\/div>\n\n<div class=\"d-none d-md-flex col-md-1 seperator-column\"><\/div>\n<div class=\"col-12 col-md-8 order-0 order-md-1\">\n     \n<div\n    id=\"\"\n    class=\"wp-block-intro-text margin-bottom-normal\"\n>\n    <div class=\"container-lg\">\n        <div class=\"row\">\n            <div class=\"col\">\n                <div class=\"major-text-color fst-italic\"><div class=\"module-migration-intro-text\">\n<p class=\"field-migration-intro_textfield\">\n<p>The project \\&#8221;Be there!\\&#8221; addresses the issue of activity deprivation and its impact on the quality of life of residents with and without dementia in care homes and the role of relatives. <\/p>\n<\/p>\n<\/div>\n<\/div>\n            <\/div>\n        <\/div>\n    <\/div>\n<\/div>\n\n<div id=\"\" class=\"wp-block-text-content margin-bottom-normal\">\n    <div class=\"container-lg\">\n        <div class=\"row\">\n            <div class=\"col\">\n                <p>Activity deprivation, defined as a lack of meaningful activities, is a significant problem for older people, especially those living in care homes. Activity deprivation can have serious consequences on physical, mental and social health and thus significantly affect quality of life.<\/p>\n<p>The aim of the project is to develop a guide to health promotion based on surveys and the evaluation of implemented measures. This aims to reduce activity deprivation among senior citizens in care homes and improve their quality of life.<\/p>\n<p>In the &ldquo;Be there!&rdquo; project, resource-orientated tools are used to assess the activity level of residents in one-to-one interviews and observations, and relatives and care and support staff are interviewed in order to derive appropriate measures. Participatory programmes for residents and relatives are created, implemented and evaluated.<\/p>\n\n            <\/div>\n        <\/div>\n            <\/div>\n<\/div>\n\n<div\n    id=\"\"\n    class=\"wp-block-content-image margin-bottom-normal\"\n>\n    <div class=\"container-lg\">\n        <div class=\"row\">\n            <div class=\"col-12\">\n                <div >\n\n                    <div class=\"image-wrapper\">\n                        <picture>\n                        <source\n                media=\"(max-width: 576px)\"\n                srcset=\"https:\/\/cdn3.fh-joanneum.at\/media\/2024\/03\/sei-dabei.png, https:\/\/cdn3.fh-joanneum.at\/media\/2024\/03\/sei-dabei-768x502.png 2x\"\n            \/>\n                    <source\n                media=\"(max-width: 768px)\"\n                srcset=\"https:\/\/cdn3.fh-joanneum.at\/media\/2024\/03\/sei-dabei-768x502.png, https:\/\/cdn3.fh-joanneum.at\/media\/2024\/03\/sei-dabei.png 2x\"\n            \/>\n                    <source\n                media=\"(max-width: 831px)\"\n                srcset=\"https:\/\/cdn3.fh-joanneum.at\/media\/2024\/03\/sei-dabei.png, https:\/\/cdn3.fh-joanneum.at\/media\/2024\/03\/sei-dabei.png 2x\"\n            \/>\n                    <source\n                media=\"(max-width: 831px)\"\n                srcset=\"https:\/\/cdn3.fh-joanneum.at\/media\/2024\/03\/sei-dabei.png, https:\/\/cdn3.fh-joanneum.at\/media\/2024\/03\/sei-dabei.png 2x\"\n            \/>\n                    <source\n                media=\"(max-width: 831px)\"\n                srcset=\"https:\/\/cdn3.fh-joanneum.at\/media\/2024\/03\/sei-dabei.png, https:\/\/cdn3.fh-joanneum.at\/media\/2024\/03\/sei-dabei.png 2x\"\n            \/>\n                <img decoding=\"async\"\n        class=\"img-fluid @if ($image_credit || $media_subtitle) mb-2 @endif @if ($lightbox) modal-trigger @endif\" @click=\"modal = !modal\" aria-expanded=\"false\"\n        src=\"https:\/\/cdn3.fh-joanneum.at\/media\/2024\/03\/sei-dabei.png\"\n        alt=\"Sei dabei!\"\n        title=\"\"\n         loading=\"lazy\"             >\n<\/picture>\n\n                                                                    <\/div>\n\n                                    <\/div>\n\n            <\/div>\n        <\/div>\n    <\/div>\n<\/div>\n\n<div id=\"\" class=\"wp-block-text-content margin-bottom-normal\">\n    <div class=\"container-lg\">\n        <div class=\"row\">\n            <div class=\"col\">\n                <p>The results of the project to date show that the targeted reduction of activity deprivation among senior citizens in retirement homes can bring about significant improvements in their quality of life. The action-oriented health promotion guideline therefore represents an important resource for care facilities to promote the health and well-being of their residents and improve their quality of life. These findings help to better understand the needs of older people in retirement homes and improve the quality of care and support.<\/p>\n<p>The project is funded by the Health Promotion Agenda and the Healthy Austria Fund [FG&Ouml;] and implemented in cooperation with Volkshilfe Seniorenzentrum Bairisch K&ouml;lldorf and the Merkendorf day care centre of the municipality of Bad Gleichenberg and the Red Cross.<\/p>\n\n            <\/div>\n        <\/div>\n            <\/div>\n<\/div>\n\n<div\n    id=\"\"\n    class=\"wp-block-content-image margin-bottom-normal\"\n>\n    <div class=\"container-lg\">\n        <div class=\"row\">\n            <div class=\"col-12\">\n                <div >\n\n                    <div class=\"image-wrapper\">\n                        <picture>\n                        <source\n                media=\"(max-width: 576px)\"\n                srcset=\"https:\/\/cdn3.fh-joanneum.at\/media\/2024\/03\/sei-dabei-2.png, https:\/\/cdn3.fh-joanneum.at\/media\/2024\/03\/sei-dabei-2-768x76.png 2x\"\n            \/>\n                    <source\n                media=\"(max-width: 768px)\"\n                srcset=\"https:\/\/cdn3.fh-joanneum.at\/media\/2024\/03\/sei-dabei-2-768x76.png, https:\/\/cdn3.fh-joanneum.at\/media\/2024\/03\/sei-dabei-2-1024x101.png 2x\"\n            \/>\n                    <source\n                media=\"(max-width: 1024px)\"\n                srcset=\"https:\/\/cdn3.fh-joanneum.at\/media\/2024\/03\/sei-dabei-2-1024x101.png, https:\/\/cdn3.fh-joanneum.at\/media\/2024\/03\/sei-dabei-2-1536x151.png 2x\"\n            \/>\n                    <source\n                media=\"(max-width: 1536px)\"\n                srcset=\"https:\/\/cdn3.fh-joanneum.at\/media\/2024\/03\/sei-dabei-2-1536x151.png, https:\/\/cdn3.fh-joanneum.at\/media\/2024\/03\/sei-dabei-2-2048x201.png 2x\"\n            \/>\n                    <source\n                media=\"(max-width: 2048px)\"\n                srcset=\"https:\/\/cdn3.fh-joanneum.at\/media\/2024\/03\/sei-dabei-2-2048x201.png, https:\/\/cdn3.fh-joanneum.at\/media\/2024\/03\/sei-dabei-2.png 2x\"\n            \/>\n                <img decoding=\"async\"\n        class=\"img-fluid @if ($image_credit || $media_subtitle) mb-2 @endif @if ($lightbox) modal-trigger @endif\" @click=\"modal = !modal\" aria-expanded=\"false\"\n        src=\"https:\/\/cdn3.fh-joanneum.at\/media\/2024\/03\/sei-dabei-2.png\"\n        alt=\"Sei dabei! 1\"\n        title=\"\"\n         loading=\"lazy\"             >\n<\/picture>\n\n                                                                    <\/div>\n\n                                    <\/div>\n\n            <\/div>\n        <\/div>\n    <\/div>\n<\/div>\n\n\n<\/div>\n\n\n        <\/div>\n    <\/div>\n<\/div>\n\n","protected":false},"excerpt":{"rendered":"<p>The project &#8220;Be there!&#8221; addresses the issue of activity deprivation and its impact on the quality of life of residents with and without dementia in care homes and the role of relatives. <\/p>\n","protected":false},"author":143,"featured_media":10091730,"template":"","meta":{"_acf_changed":false,"footnotes":""},"acf":[],"aioseo_notices":[],"_links":{"self":[{"href":"https:\/\/www.fh-joanneum.at\/en\/wp-json\/wp\/v2\/project\/10091757"}],"collection":[{"href":"https:\/\/www.fh-joanneum.at\/en\/wp-json\/wp\/v2\/project"}],"about":[{"href":"https:\/\/www.fh-joanneum.at\/en\/wp-json\/wp\/v2\/types\/project"}],"author":[{"embeddable":true,"href":"https:\/\/www.fh-joanneum.at\/en\/wp-json\/wp\/v2\/users\/143"}],"version-history":[{"count":0,"href":"https:\/\/www.fh-joanneum.at\/en\/wp-json\/wp\/v2\/project\/10091757\/revisions"}],"wp:featuredmedia":[{"embeddable":true,"href":"https:\/\/www.fh-joanneum.at\/en\/wp-json\/wp\/v2\/media\/10091730"}],"wp:attachment":[{"href":"https:\/\/www.fh-joanneum.at\/en\/wp-json\/wp\/v2\/media?parent=10091757"}],"curies":[{"name":"wp","href":"https:\/\/api.w.org\/{rel}","templated":true}]}}