{"id":10000282,"date":"2015-08-10T14:18:27","date_gmt":"2015-08-10T12:18:27","guid":{"rendered":"https:\/\/www.fh-joanneum.at\/it-recht-und-management\/master\/?page_id=282"},"modified":"2024-06-10T14:19:53","modified_gmt":"2024-06-10T12:19:53","slug":"absolventinnen-absolventen","status":"publish","type":"page","link":"https:\/\/www.fh-joanneum.at\/it-recht-und-management\/master\/nach-dem-studium\/absolventinnen-absolventen\/","title":{"rendered":"Absolvent:innen"},"content":{"rendered":"<div id=\"\" class=\"wp-block-text-content margin-bottom-none\">\n    <div class=\"container-lg\">\n        <div class=\"row\">\n            <div class=\"col\">\n                <div class=\"module-migration-headline\">\n<h3>Das machen unsere Absolvent:innen.<\/h3>\n<\/div>\n\n            <\/div>\n        <\/div>\n            <\/div>\n<\/div>\n\n<div id=\"\" class=\"wp-block-list-of-graduates margin-bottom-normal\">\n  <div class=\"container-lg\">\n    <div class=\"row\">\n                        <div class=\"col-6 col-sm-4 col-md-6 col-lg-4 col-xl-4 mb-4\">\n            <a\n    href=\"https:\/\/www.fh-joanneum.at\/it-recht-und-management\/master\/nach-dem-studium\/absolventinnen-absolventen\/juergen-schuberth-ba\/\"\n    class=\"graduate-card bg-light\"\n>\n    <div class=\"border border-light h-100\">\n        <div class=\"image-wrapper\">\n            <picture>\n                        <source\n                media=\"(max-width: 414px)\"\n                srcset=\"https:\/\/cdn3.fh-joanneum.at\/media\/sites\/10\/2020\/05\/juergen-schuberth-ba-2.png, https:\/\/cdn3.fh-joanneum.at\/media\/sites\/10\/2020\/05\/juergen-schuberth-ba-2-768x1069.png 2x\"\n            \/>\n                    <source\n                media=\"(max-width: 768px)\"\n                srcset=\"https:\/\/cdn3.fh-joanneum.at\/media\/sites\/10\/2020\/05\/juergen-schuberth-ba-2-768x1069.png, https:\/\/cdn3.fh-joanneum.at\/media\/sites\/10\/2020\/05\/juergen-schuberth-ba-2-736x1024.png 2x\"\n            \/>\n                    <source\n                media=\"(max-width: 736px)\"\n                srcset=\"https:\/\/cdn3.fh-joanneum.at\/media\/sites\/10\/2020\/05\/juergen-schuberth-ba-2-736x1024.png, https:\/\/cdn3.fh-joanneum.at\/media\/sites\/10\/2020\/05\/juergen-schuberth-ba-2.png 2x\"\n            \/>\n                    <source\n                media=\"(max-width: 1104px)\"\n                srcset=\"https:\/\/cdn3.fh-joanneum.at\/media\/sites\/10\/2020\/05\/juergen-schuberth-ba-2.png, https:\/\/cdn3.fh-joanneum.at\/media\/sites\/10\/2020\/05\/juergen-schuberth-ba-2.png 2x\"\n            \/>\n                    <source\n                media=\"(max-width: 1472px)\"\n                srcset=\"https:\/\/cdn3.fh-joanneum.at\/media\/sites\/10\/2020\/05\/juergen-schuberth-ba-2.png, https:\/\/cdn3.fh-joanneum.at\/media\/sites\/10\/2020\/05\/juergen-schuberth-ba-2.png 2x\"\n            \/>\n                <img decoding=\"async\"\n        class=\"img-fluid\"\n        src=\"https:\/\/cdn3.fh-joanneum.at\/media\/sites\/10\/2020\/05\/juergen-schuberth-ba-2.png\"\n        alt=\"J\u00fcrgen Schuberth, BA\"\n        title=\"\"\n         loading=\"lazy\"             >\n<\/picture>\n\n        <\/div>\n        <div class=\"p-2 p-xl-3\">\n            <h6>J\u00fcrgen Schuberth, MA<\/h6>\n            <p class=\"mb-0 hyphens\">\n                Ziel der beruflichen Reise von J\u00fcrgen Schuberth ist eine leitende Funktion im \u00f6ffentlichen Dienst, in der sein Studium IT-Recht und Management relevant ist. \n            <\/p>\n        <\/div>\n    <\/div>\n<\/a>\n          <\/div>\n                  <div class=\"col-6 col-sm-4 col-md-6 col-lg-4 col-xl-4 mb-4\">\n            <a\n    href=\"https:\/\/www.fh-joanneum.at\/it-recht-und-management\/master\/nach-dem-studium\/absolventinnen-absolventen\/eva-fritz-bsc-ma\/\"\n    class=\"graduate-card bg-light\"\n>\n    <div class=\"border border-light h-100\">\n        <div class=\"image-wrapper\">\n            <picture>\n                        <source\n                media=\"(max-width: 414px)\"\n                srcset=\"https:\/\/cdn3.fh-joanneum.at\/media\/sites\/10\/2019\/11\/eva-fritz-bsc-ma-2.jpg, https:\/\/cdn3.fh-joanneum.at\/media\/sites\/10\/2019\/11\/eva-fritz-bsc-ma-2.jpg 2x\"\n            \/>\n                    <source\n                media=\"(max-width: 552px)\"\n                srcset=\"https:\/\/cdn3.fh-joanneum.at\/media\/sites\/10\/2019\/11\/eva-fritz-bsc-ma-2.jpg, https:\/\/cdn3.fh-joanneum.at\/media\/sites\/10\/2019\/11\/eva-fritz-bsc-ma-2.jpg 2x\"\n            \/>\n                    <source\n                media=\"(max-width: 552px)\"\n                srcset=\"https:\/\/cdn3.fh-joanneum.at\/media\/sites\/10\/2019\/11\/eva-fritz-bsc-ma-2.jpg, https:\/\/cdn3.fh-joanneum.at\/media\/sites\/10\/2019\/11\/eva-fritz-bsc-ma-2.jpg 2x\"\n            \/>\n                    <source\n                media=\"(max-width: 552px)\"\n                srcset=\"https:\/\/cdn3.fh-joanneum.at\/media\/sites\/10\/2019\/11\/eva-fritz-bsc-ma-2.jpg, https:\/\/cdn3.fh-joanneum.at\/media\/sites\/10\/2019\/11\/eva-fritz-bsc-ma-2.jpg 2x\"\n            \/>\n                    <source\n                media=\"(max-width: 552px)\"\n                srcset=\"https:\/\/cdn3.fh-joanneum.at\/media\/sites\/10\/2019\/11\/eva-fritz-bsc-ma-2.jpg, https:\/\/cdn3.fh-joanneum.at\/media\/sites\/10\/2019\/11\/eva-fritz-bsc-ma-2.jpg 2x\"\n            \/>\n                <img decoding=\"async\"\n        class=\"img-fluid\"\n        src=\"https:\/\/cdn3.fh-joanneum.at\/media\/sites\/10\/2019\/11\/eva-fritz-bsc-ma-2.jpg\"\n        alt=\"Eva Fritz, BSc MA\"\n        title=\"\"\n         loading=\"lazy\"             >\n<\/picture>\n\n        <\/div>\n        <div class=\"p-2 p-xl-3\">\n            <h6>Eva Fritz, BSc MA<\/h6>\n            <p class=\"mb-0 hyphens\">\n                Eva Fritz ist als Prozessmanagerin bei der KAGes in Graz t\u00e4tig \u2013 ein abwechslungsreicher Job, bei dem sie sowohl selbstst\u00e4ndig arbeiten als auch kreativ sein kann. \n            <\/p>\n        <\/div>\n    <\/div>\n<\/a>\n          <\/div>\n                  <div class=\"col-6 col-sm-4 col-md-6 col-lg-4 col-xl-4 mb-4\">\n            <a\n    href=\"https:\/\/www.fh-joanneum.at\/it-recht-und-management\/master\/nach-dem-studium\/absolventinnen-absolventen\/lisa-hoffelner-ma\/\"\n    class=\"graduate-card bg-light\"\n>\n    <div class=\"border border-light h-100\">\n        <div class=\"image-wrapper\">\n            <picture>\n                        <source\n                media=\"(max-width: 432px)\"\n                srcset=\"https:\/\/cdn3.fh-joanneum.at\/media\/sites\/10\/2020\/11\/lisa-hoffelner-ma.jpg, https:\/\/cdn3.fh-joanneum.at\/media\/sites\/10\/2020\/11\/lisa-hoffelner-ma-768x1025.jpg 2x\"\n            \/>\n                    <source\n                media=\"(max-width: 768px)\"\n                srcset=\"https:\/\/cdn3.fh-joanneum.at\/media\/sites\/10\/2020\/11\/lisa-hoffelner-ma-768x1025.jpg, https:\/\/cdn3.fh-joanneum.at\/media\/sites\/10\/2020\/11\/lisa-hoffelner-ma-767x1024.jpg 2x\"\n            \/>\n                    <source\n                media=\"(max-width: 767px)\"\n                srcset=\"https:\/\/cdn3.fh-joanneum.at\/media\/sites\/10\/2020\/11\/lisa-hoffelner-ma-767x1024.jpg, https:\/\/cdn3.fh-joanneum.at\/media\/sites\/10\/2020\/11\/lisa-hoffelner-ma.jpg 2x\"\n            \/>\n                    <source\n                media=\"(max-width: 1151px)\"\n                srcset=\"https:\/\/cdn3.fh-joanneum.at\/media\/sites\/10\/2020\/11\/lisa-hoffelner-ma.jpg, https:\/\/cdn3.fh-joanneum.at\/media\/sites\/10\/2020\/11\/lisa-hoffelner-ma.jpg 2x\"\n            \/>\n                    <source\n                media=\"(max-width: 1502px)\"\n                srcset=\"https:\/\/cdn3.fh-joanneum.at\/media\/sites\/10\/2020\/11\/lisa-hoffelner-ma.jpg, https:\/\/cdn3.fh-joanneum.at\/media\/sites\/10\/2020\/11\/lisa-hoffelner-ma.jpg 2x\"\n            \/>\n                <img decoding=\"async\"\n        class=\"img-fluid\"\n        src=\"https:\/\/cdn3.fh-joanneum.at\/media\/sites\/10\/2020\/11\/lisa-hoffelner-ma.jpg\"\n        alt=\"Lisa Hoffelner, MA\"\n        title=\"\"\n         loading=\"lazy\"             >\n<\/picture>\n\n        <\/div>\n        <div class=\"p-2 p-xl-3\">\n            <h6>Mag. Lisa Hoffelner, MA<\/h6>\n            <p class=\"mb-0 hyphens\">\n                Juristin Lisa Hoffelner ist bei der  ITG Informationstechnik Graz GmbH im Bereich IT Compliance Management t\u00e4tig.  Das Studium der Rechtswissenschaften und der Master in IT-Recht &amp; Management war f\u00fcr sie die optimale Kombination.\n            <\/p>\n        <\/div>\n    <\/div>\n<\/a>\n          <\/div>\n                  <div class=\"col-6 col-sm-4 col-md-6 col-lg-4 col-xl-4 mb-4\">\n            <a\n    href=\"https:\/\/www.fh-joanneum.at\/it-recht-und-management\/master\/nach-dem-studium\/absolventinnen-absolventen\/rene-schuster-bsc-ma\/\"\n    class=\"graduate-card bg-light\"\n>\n    <div class=\"border border-light h-100\">\n        <div class=\"image-wrapper\">\n            <picture>\n                        <source\n                media=\"(max-width: 461px)\"\n                srcset=\"https:\/\/cdn3.fh-joanneum.at\/media\/sites\/10\/2019\/09\/rene-schuster-bsc-ma-2.jpg, https:\/\/cdn3.fh-joanneum.at\/media\/sites\/10\/2019\/09\/rene-schuster-bsc-ma-2-768x960.jpg 2x\"\n            \/>\n                    <source\n                media=\"(max-width: 768px)\"\n                srcset=\"https:\/\/cdn3.fh-joanneum.at\/media\/sites\/10\/2019\/09\/rene-schuster-bsc-ma-2-768x960.jpg, https:\/\/cdn3.fh-joanneum.at\/media\/sites\/10\/2019\/09\/rene-schuster-bsc-ma-2-819x1024.jpg 2x\"\n            \/>\n                    <source\n                media=\"(max-width: 819px)\"\n                srcset=\"https:\/\/cdn3.fh-joanneum.at\/media\/sites\/10\/2019\/09\/rene-schuster-bsc-ma-2-819x1024.jpg, https:\/\/cdn3.fh-joanneum.at\/media\/sites\/10\/2019\/09\/rene-schuster-bsc-ma-2.jpg 2x\"\n            \/>\n                    <source\n                media=\"(max-width: 1229px)\"\n                srcset=\"https:\/\/cdn3.fh-joanneum.at\/media\/sites\/10\/2019\/09\/rene-schuster-bsc-ma-2.jpg, https:\/\/cdn3.fh-joanneum.at\/media\/sites\/10\/2019\/09\/rene-schuster-bsc-ma-2.jpg 2x\"\n            \/>\n                    <source\n                media=\"(max-width: 1638px)\"\n                srcset=\"https:\/\/cdn3.fh-joanneum.at\/media\/sites\/10\/2019\/09\/rene-schuster-bsc-ma-2.jpg, https:\/\/cdn3.fh-joanneum.at\/media\/sites\/10\/2019\/09\/rene-schuster-bsc-ma-2.jpg 2x\"\n            \/>\n                <img decoding=\"async\"\n        class=\"img-fluid\"\n        src=\"https:\/\/cdn3.fh-joanneum.at\/media\/sites\/10\/2019\/09\/rene-schuster-bsc-ma-2.jpg\"\n        alt=\"Rene Schuster, BSc MA\"\n        title=\"\"\n         loading=\"lazy\"             >\n<\/picture>\n\n        <\/div>\n        <div class=\"p-2 p-xl-3\">\n            <h6>Rene Schuster, BSc MA<\/h6>\n            <p class=\"mb-0 hyphens\">\n                Rene Schuster lehrt und forscht seit 2019 als Hochschullektor an der FH JOANNEUM. F\u00fcr ihn derzeit der perfekte Job, in dem er sich verwirklichen kann.\n            <\/p>\n        <\/div>\n    <\/div>\n<\/a>\n          <\/div>\n                  <\/div>\n  <\/div>\n<\/div>\n\n","protected":false},"excerpt":{"rendered":"<p>Wir haben einige unserer ehemaligen Studierenden portraitiert. So k\u00f6nnen Sie sich selbst ein Bild \u00fcber die Berufs- und Karrierem\u00f6glichkeiten machen.<\/p>\n","protected":false},"author":10,"featured_media":0,"parent":10000591,"menu_order":52,"comment_status":"closed","ping_status":"closed","template":"","meta":{"_acf_changed":false,"footnotes":""},"acf":[],"aioseo_notices":[],"_links":{"self":[{"href":"https:\/\/www.fh-joanneum.at\/it-recht-und-management\/master\/wp-json\/wp\/v2\/pages\/10000282"}],"collection":[{"href":"https:\/\/www.fh-joanneum.at\/it-recht-und-management\/master\/wp-json\/wp\/v2\/pages"}],"about":[{"href":"https:\/\/www.fh-joanneum.at\/it-recht-und-management\/master\/wp-json\/wp\/v2\/types\/page"}],"author":[{"embeddable":true,"href":"https:\/\/www.fh-joanneum.at\/it-recht-und-management\/master\/wp-json\/wp\/v2\/users\/10"}],"replies":[{"embeddable":true,"href":"https:\/\/www.fh-joanneum.at\/it-recht-und-management\/master\/wp-json\/wp\/v2\/comments?post=10000282"}],"version-history":[{"count":1,"href":"https:\/\/www.fh-joanneum.at\/it-recht-und-management\/master\/wp-json\/wp\/v2\/pages\/10000282\/revisions"}],"predecessor-version":[{"id":10000610,"href":"https:\/\/www.fh-joanneum.at\/it-recht-und-management\/master\/wp-json\/wp\/v2\/pages\/10000282\/revisions\/10000610"}],"up":[{"embeddable":true,"href":"https:\/\/www.fh-joanneum.at\/it-recht-und-management\/master\/wp-json\/wp\/v2\/pages\/10000591"}],"wp:attachment":[{"href":"https:\/\/www.fh-joanneum.at\/it-recht-und-management\/master\/wp-json\/wp\/v2\/media?parent=10000282"}],"curies":[{"name":"wp","href":"https:\/\/api.w.org\/{rel}","templated":true}]}}