{"id":10000003,"date":"2023-02-16T15:25:50","date_gmt":"2023-02-16T14:25:50","guid":{"rendered":"https:\/\/www.fh-joanneum.at\/strategic-experience-design\/postgraduate\/strategic-experience-design\/"},"modified":"2025-02-14T11:12:43","modified_gmt":"2025-02-14T10:12:43","slug":"strategic-experience-design","status":"publish","type":"page","link":"https:\/\/www.fh-joanneum.at\/strategic-experience-design\/postgraduate\/","title":{"rendered":"Strategic Experience Design"},"content":{"rendered":"<div\n    id=\"\"\n    class=\"wp-block-major-intro margin-bottom-normal medien-und-design variant-overlap\"\n>\n    <div\n        class=\"container-fluid\"\n        style=\"--bs-gutter-x: 0\"\n    >\n        <div\n            class=\"row\"\n            style=\"--bs-gutter-x: 0\"\n        >\n            <div class=\"col-12\">\n                <div class=\"header-wrapper\">\n                    <picture>\n                        <source\n                media=\"(max-width: 576px)\"\n                srcset=\"https:\/\/cdn3.fh-joanneum.at\/media\/sites\/102\/2023\/03\/strategic-experience-design-15-scaled.jpg, https:\/\/cdn3.fh-joanneum.at\/media\/sites\/102\/2023\/03\/strategic-experience-design-15-768x410.jpg 2x\"\n            \/>\n                    <source\n                media=\"(max-width: 768px)\"\n                srcset=\"https:\/\/cdn3.fh-joanneum.at\/media\/sites\/102\/2023\/03\/strategic-experience-design-15-768x410.jpg, https:\/\/cdn3.fh-joanneum.at\/media\/sites\/102\/2023\/03\/strategic-experience-design-15-1024x547.jpg 2x\"\n            \/>\n                    <source\n                media=\"(max-width: 1024px)\"\n                srcset=\"https:\/\/cdn3.fh-joanneum.at\/media\/sites\/102\/2023\/03\/strategic-experience-design-15-1024x547.jpg, https:\/\/cdn3.fh-joanneum.at\/media\/sites\/102\/2023\/03\/strategic-experience-design-15-1536x821.jpg 2x\"\n            \/>\n                    <source\n                media=\"(max-width: 1536px)\"\n                srcset=\"https:\/\/cdn3.fh-joanneum.at\/media\/sites\/102\/2023\/03\/strategic-experience-design-15-1536x821.jpg, https:\/\/cdn3.fh-joanneum.at\/media\/sites\/102\/2023\/03\/strategic-experience-design-15-2048x1094.jpg 2x\"\n            \/>\n                    <source\n                media=\"(max-width: 2048px)\"\n                srcset=\"https:\/\/cdn3.fh-joanneum.at\/media\/sites\/102\/2023\/03\/strategic-experience-design-15-2048x1094.jpg, https:\/\/cdn3.fh-joanneum.at\/media\/sites\/102\/2023\/03\/strategic-experience-design-15-scaled.jpg 2x\"\n            \/>\n                <img decoding=\"async\"\n        class=\"img-fluid position-center\" size=\"full\"\n        src=\"https:\/\/cdn3.fh-joanneum.at\/media\/sites\/102\/2023\/03\/strategic-experience-design-15-scaled.jpg\"\n        alt=\"Strategic Experience Design 12\"\n        title=\"\"\n         loading=\"lazy\"             >\n<\/picture>\n\n                    <div class=\"glass-wrapper\">\n                        <h1 class=\"mb-0\">\n                                                            <span class=\"topline fs-5 lh-sm mb-1 fw-light\">Weiterbildung, Berufsbegleitend<\/span>\n                            \n                                                            <div class=\"display-1 mb-1\">Strategic Experience Design<\/div>\n                                                    <\/h1>\n\n                        \n                                            <\/div>\n                <\/div>\n            <\/div>\n        <\/div>\n    <\/div>\n    <div class=\"container-lg\">\n        <div class=\"row\">\n            <div class=\"col-12 col-md-8 order-1 order-md-0\">\n                <h2 class=\"major-intro-text fw-normal d-none d-md-block\">Der Masterlehrgang \u201eStrategic Experience Design\u201c bietet Ihnen eine umfassende Ausbildung auf dem Gebiet der strategischen Unternehmensausrichtung mit Schwerpunkten auf mensch- und designorientierten Denk- und Handlungsweisen, Methoden- und Tool-Sets sowie Querschnittskompetenzen. Die Themen reichen von Experience Innovation and Change, Design and Human Values bis Business and Leadership.<\/h2>\n                <h2 class=\"h5 d-md-none\">Der Masterlehrgang \u201eStrategic Experience Design\u201c bietet Ihnen eine umfassende Ausbildung auf dem Gebiet der strategischen Unternehmensausrichtung mit Schwerpunkten auf mensch- und designorientierten Denk- und Handlungsweisen, Methoden- und Tool-Sets sowie Querschnittskompetenzen. Die Themen reichen von Experience Innovation and Change, Design and Human Values bis Business and Leadership.<\/h2>\n            <\/div>\n            <div class=\"d-none d-md-flex col-md-1 seperator-column\"><\/div>\n            <div class=\"major-sidebar col-12 col-md-3 order-0 order-md-1 mb-4 mb-md-0\">\n                <div class=\"border border-light border-bottom-0 p-3\">\n                                            <div class=\"item\">\n                                                            <div class=\"label\">Akademischer Grad<\/div>\n                                                        <div class=\"content h5\">\n                                                                    Master of Business Administration (MBA)\n                                                            <\/div>\n                        <\/div>\n                                            <div class=\"item\">\n                                                            <div class=\"label\">Organisationsform<\/div>\n                                                        <div class=\"content h5\">\n                                                                    Berufsbegleitend \/ 4 Semester \/ 120 ECTS\n                                                            <\/div>\n                        <\/div>\n                                            <div class=\"item\">\n                                                            <div class=\"label\">Unterrichtssprache<\/div>\n                                                        <div class=\"content h5\">\n                                                                    Englisch\n                                                            <\/div>\n                        <\/div>\n                                            <div class=\"item\">\n                                                        <div class=\"content h5\">\n                                                                    \n                                                            <\/div>\n                        <\/div>\n                                            <div class=\"item\">\n                                                            <div class=\"label\">Standort<\/div>\n                                                        <div class=\"content h5\">\n                                                                    <a href='https:\/\/www.fh-joanneum.at\/studium\/standorte\/graz\/'>Graz<\/a>\n                                                            <\/div>\n                        <\/div>\n                                            <div class=\"item\">\n                                                            <div class=\"label\">Department<\/div>\n                                                        <div class=\"content h5\">\n                                                                    <a href='https:\/\/www.fh-joanneum.at\/hochschule\/departments\/medien-design\/'>Medien und Design<\/a>\n                                                            <\/div>\n                        <\/div>\n                                            <div class=\"item\">\n                                                            <div class=\"label\">Institut<\/div>\n                                                        <div class=\"content h5\">\n                                                                    <a href='https:\/\/www.fh-joanneum.at\/institut\/design-kommunikation\/'>Design &amp; Kommunikation<\/a>\n                                                            <\/div>\n                        <\/div>\n                                            <div class=\"item\">\n                                                            <div class=\"label\">Lehrgangskosten <\/div>\n                                                        <div class=\"content h5\">\n                                                                    \u20ac 4.800,00 pro Semester\n                                                            <\/div>\n                        <\/div>\n                                    <\/div>\n                                    <ul class=\"bordered-menu\">\n                                                    <li>\n                                <a\n        class=\"arrow-link\"\n        href=\"https:\/\/www.fh-joanneum.at\/strategic-experience-design\/postgraduate\/im-studium\/menschen-am-institut\/\"\n        target=\"_self\"\n    >\n                            \n            <span>Team<\/span>\n                            <svg width=\"9\" height=\"15\" viewBox=\"0 0 9 15\" fill=\"none\" xmlns=\"http:\/\/www.w3.org\/2000\/svg\">\n    <path id=\"chevron_right\" d=\"M1.5 1.5L7.5 7.5L1.5 13.5\" stroke=\"\" stroke-width=\"1.5\" stroke-linecap=\"round\"\/>\n<\/svg>            <\/a>\n                            <\/li>\n                                                    <li>\n                                <a\n        class=\"arrow-link\"\n        href=\"https:\/\/www.fh-joanneum.at\/strategic-experience-design\/postgraduate\/im-studium\/studienplan\/\"\n        target=\"_self\"\n    >\n                            \n            <span>Studienplan<\/span>\n                            <svg width=\"9\" height=\"15\" viewBox=\"0 0 9 15\" fill=\"none\" xmlns=\"http:\/\/www.w3.org\/2000\/svg\">\n    <path id=\"chevron_right\" d=\"M1.5 1.5L7.5 7.5L1.5 13.5\" stroke=\"\" stroke-width=\"1.5\" stroke-linecap=\"round\"\/>\n<\/svg>            <\/a>\n                            <\/li>\n                                                    <li>\n                                <a\n        class=\"arrow-link\"\n        href=\"https:\/\/www.fh-joanneum.at\/strategic-experience-design\/postgraduate\/vor-dem-studium\/info-kontakt\/\"\n        target=\"_self\"\n    >\n                            \n            <span>Info &#038; Kontakt<\/span>\n                            <svg width=\"9\" height=\"15\" viewBox=\"0 0 9 15\" fill=\"none\" xmlns=\"http:\/\/www.w3.org\/2000\/svg\">\n    <path id=\"chevron_right\" d=\"M1.5 1.5L7.5 7.5L1.5 13.5\" stroke=\"\" stroke-width=\"1.5\" stroke-linecap=\"round\"\/>\n<\/svg>            <\/a>\n                            <\/li>\n                                                    <li>\n                                <a\n        class=\"arrow-link\"\n        href=\"https:\/\/www.fh-joanneum.at\/strategic-experience-design\/postgraduate\/vor-dem-studium\/\"\n        target=\"_self\"\n    >\n                            \n            <span>Bewerbung &#038; Aufnahme<\/span>\n                            <svg width=\"9\" height=\"15\" viewBox=\"0 0 9 15\" fill=\"none\" xmlns=\"http:\/\/www.w3.org\/2000\/svg\">\n    <path id=\"chevron_right\" d=\"M1.5 1.5L7.5 7.5L1.5 13.5\" stroke=\"\" stroke-width=\"1.5\" stroke-linecap=\"round\"\/>\n<\/svg>            <\/a>\n                            <\/li>\n                                            <\/ul>\n                            <\/div>\n        <\/div>\n    <\/div>\n<\/div>\n\n\n<div\n    id=\"\"\n    class=\"wp-block-landing-page-links margin-bottom-normal\"\n>\n    <div class=\"container-lg\">\n        <div class=\"row\">\n            <div class=\"col-12\">\n                <div class=\"row link-columns-column-wrapper\">\n                    <div class=\"col-12\">\n                        <h2 class=\"d-none\">Mehr zum Lehrgang lesen<\/h2>\n                    <\/div>\n                    <div class=\"col-12 col-lg-4 link-column first mh text-center\">\n                        <h3 class=\"link-title\">\n                            Vor dem Studium\n                        <\/h3>\n                        <div class=\"circle-holder\">\n                            <div class=\"circle\"><\/div>\n                        <\/div>\n                        <div class=\"link-excerpt my-3 px-3\">\n                            Im Vorfeld erwarten Sie die Bewerbung und das Onlinegespr\u00e4ch. Hier k\u00f6nnen Sie sich dazu einlesen und die wichtigsten Termine erfahren.\n                        <\/div>\n                        <a\n        class=\"arrow-link d-block major-text-color text-decoration-none\"\n        href=\"https:\/\/www.fh-joanneum.at\/strategic-experience-design\/postgraduate\/vor-dem-studium\/\"\n        target=\"_self\"\n    >\n                            Mehr zur Aufnahme\n            <span><\/span>\n                            <svg width=\"9\" height=\"15\" viewBox=\"0 0 9 15\" fill=\"none\" xmlns=\"http:\/\/www.w3.org\/2000\/svg\">\n    <path id=\"chevron_right\" d=\"M1.5 1.5L7.5 7.5L1.5 13.5\" stroke=\"\" stroke-width=\"1.5\" stroke-linecap=\"round\"\/>\n<\/svg>            <\/a>\n                    <\/div>\n                    <div class=\"col-12 col-lg-4 link-column middle mh text-center\">\n                        <h3 class=\"link-title\">\n                            Im Studium\n                        <\/h3>\n                        <div class=\"circle-holder\">\n                            <div class=\"circle\"><\/div>\n                        <\/div>\n                        <div class=\"link-excerpt my-3 px-3\">\n                            Welche allgemeinen Inhalte, fachlichen Themen und spezifischen Schwerpunkte Sie im Studium erwarten, erfahren Sie hier.\n                        <\/div>\n                        <a\n        class=\"arrow-link d-block major-text-color text-decoration-none\"\n        href=\"https:\/\/www.fh-joanneum.at\/strategic-experience-design\/postgraduate\/im-studium\/\"\n        target=\"_self\"\n    >\n                            Mehr zum Studium\n            <span><\/span>\n                            <svg width=\"9\" height=\"15\" viewBox=\"0 0 9 15\" fill=\"none\" xmlns=\"http:\/\/www.w3.org\/2000\/svg\">\n    <path id=\"chevron_right\" d=\"M1.5 1.5L7.5 7.5L1.5 13.5\" stroke=\"\" stroke-width=\"1.5\" stroke-linecap=\"round\"\/>\n<\/svg>            <\/a>\n                    <\/div>\n                    <div class=\"col-12 col-lg-4 link-column last mh text-center\">\n                        <h3 class=\"link-title\">\n                            Nach dem Studium\n                        <\/h3>\n                        <div class=\"circle-holder\">\n                            <div class=\"circle\"><\/div>\n                        <\/div>\n                        <div class=\"link-excerpt my-3 px-3\">\n                            Absolvent:innen stehen vielf\u00e4ltige Berufsfelder und neue Karrierechancen offen. Lesen Sie hier, wohin Sie ihr Weg f\u00fchren kann. \n                        <\/div>\n                        <a\n        class=\"arrow-link d-block major-text-color text-decoration-none\"\n        href=\"https:\/\/www.fh-joanneum.at\/strategic-experience-design\/postgraduate\/nach-dem-studium\/\"\n        target=\"_self\"\n    >\n                            Mehr zum Beruf\n            <span><\/span>\n                            <svg width=\"9\" height=\"15\" viewBox=\"0 0 9 15\" fill=\"none\" xmlns=\"http:\/\/www.w3.org\/2000\/svg\">\n    <path id=\"chevron_right\" d=\"M1.5 1.5L7.5 7.5L1.5 13.5\" stroke=\"\" stroke-width=\"1.5\" stroke-linecap=\"round\"\/>\n<\/svg>            <\/a>\n                    <\/div>\n                <\/div>\n            <\/div>\n        <\/div>\n    <\/div>\n<\/div>\n\n\n<div\n    id=\"\"\n    class=\"wp-block-focus-slider margin-bottom-normal\"\n>\n    <div class=\"container-lg\">\n        <div class=\"row\">\n            <div class=\"col-12\">\n                <div class=\"swiper-outer-wrapper\">\n                    <div class=\"focus-header\">\n                                                    <h2 class=\"mb-0\">Im Fokus<\/h2>\n                                                <div class=\"swiper-navigation\">\n                            <div class=\"swiper-button-prev-custom\">\n                                <svg xmlns=\"http:\/\/www.w3.org\/2000\/svg\" width=\"9\" height=\"14\" viewBox=\"0 0 9 14\" fill=\"none\">\n  <path d=\"M8 13L2 7L8 1\" stroke=\"\" stroke-width=\"1.5\" stroke-linecap=\"round\"\/>\n<\/svg>                            <\/div>\n                            <div class=\"swiper-button-next-custom\">\n                                <svg xmlns=\"http:\/\/www.w3.org\/2000\/svg\" width=\"9\" height=\"14\" viewBox=\"0 0 9 14\" fill=\"none\">\n  <path d=\"M1 1L7 7L1 13\" stroke=\"\" stroke-width=\"1.5\" stroke-linecap=\"round\"\/>\n<\/svg>                            <\/div>\n                        <\/div>\n                    <\/div>\n\n                    <div class=\"swiper focus-slider-swiper\">\n                        <div class=\"swiper-wrapper\">\n                                                            <div class=\"swiper-slide item\">\n                                                                                                                <a\n                                            class=\"major-text-color-hover\"\n                                            href=\"https:\/\/www.fh-joanneum.at\/strategic-experience-design\/postgraduate\/im-studium\/das-studium\"\n                                            target=\"\"\n                                        >\n                                            <div class=\"image-wrapper\">\n                                                <picture>\n                        <source\n                media=\"(max-width: 384px)\"\n                srcset=\"https:\/\/cdn3.fh-joanneum.at\/media\/sites\/102\/2023\/03\/strategic-experience-design-17-scaled.jpg, https:\/\/cdn3.fh-joanneum.at\/media\/sites\/102\/2023\/03\/strategic-experience-design-17-768x1152.jpg 2x\"\n            \/>\n                    <source\n                media=\"(max-width: 768px)\"\n                srcset=\"https:\/\/cdn3.fh-joanneum.at\/media\/sites\/102\/2023\/03\/strategic-experience-design-17-768x1152.jpg, https:\/\/cdn3.fh-joanneum.at\/media\/sites\/102\/2023\/03\/strategic-experience-design-17-683x1024.jpg 2x\"\n            \/>\n                    <source\n                media=\"(max-width: 683px)\"\n                srcset=\"https:\/\/cdn3.fh-joanneum.at\/media\/sites\/102\/2023\/03\/strategic-experience-design-17-683x1024.jpg, https:\/\/cdn3.fh-joanneum.at\/media\/sites\/102\/2023\/03\/strategic-experience-design-17-1024x1536.jpg 2x\"\n            \/>\n                    <source\n                media=\"(max-width: 1024px)\"\n                srcset=\"https:\/\/cdn3.fh-joanneum.at\/media\/sites\/102\/2023\/03\/strategic-experience-design-17-1024x1536.jpg, https:\/\/cdn3.fh-joanneum.at\/media\/sites\/102\/2023\/03\/strategic-experience-design-17-1365x2048.jpg 2x\"\n            \/>\n                    <source\n                media=\"(max-width: 1365px)\"\n                srcset=\"https:\/\/cdn3.fh-joanneum.at\/media\/sites\/102\/2023\/03\/strategic-experience-design-17-1365x2048.jpg, https:\/\/cdn3.fh-joanneum.at\/media\/sites\/102\/2023\/03\/strategic-experience-design-17-scaled.jpg 2x\"\n            \/>\n                <img decoding=\"async\"\n        class=\"img-fluid\"\n        src=\"https:\/\/cdn3.fh-joanneum.at\/media\/sites\/102\/2023\/03\/strategic-experience-design-17-scaled.jpg\"\n        alt=\"Strategic Experience Design 14\"\n        title=\"\"\n         loading=\"lazy\"             >\n<\/picture>\n\n                                            <\/div>\n                                            <div class=\"text-wrapper\">\n                                                                                                    <p class=\"mb-0\">Top-Schwerpunkte<\/p>\n                                                                                                <svg width=\"9\" height=\"15\" viewBox=\"0 0 9 15\" fill=\"none\" xmlns=\"http:\/\/www.w3.org\/2000\/svg\">\n    <path id=\"chevron_right\" d=\"M1.5 1.5L7.5 7.5L1.5 13.5\" stroke=\"\" stroke-width=\"1.5\" stroke-linecap=\"round\"\/>\n<\/svg>                                            <\/div>\n                                        <\/a>\n                                                                    <\/div>\n                                                            <div class=\"swiper-slide item\">\n                                                                                                                <a\n                                            class=\"major-text-color-hover\"\n                                            href=\"https:\/\/www.fh-joanneum.at\/strategic-experience-design\/postgraduate\/im-studium\/beruf-und-studium-verbinden\"\n                                            target=\"\"\n                                        >\n                                            <div class=\"image-wrapper\">\n                                                <picture>\n                        <source\n                media=\"(max-width: 576px)\"\n                srcset=\"https:\/\/cdn3.fh-joanneum.at\/media\/sites\/102\/2023\/03\/strategic-experience-design-7-scaled.jpg, https:\/\/cdn3.fh-joanneum.at\/media\/sites\/102\/2023\/03\/strategic-experience-design-7-768x512.jpg 2x\"\n            \/>\n                    <source\n                media=\"(max-width: 768px)\"\n                srcset=\"https:\/\/cdn3.fh-joanneum.at\/media\/sites\/102\/2023\/03\/strategic-experience-design-7-768x512.jpg, https:\/\/cdn3.fh-joanneum.at\/media\/sites\/102\/2023\/03\/strategic-experience-design-7-1024x683.jpg 2x\"\n            \/>\n                    <source\n                media=\"(max-width: 1024px)\"\n                srcset=\"https:\/\/cdn3.fh-joanneum.at\/media\/sites\/102\/2023\/03\/strategic-experience-design-7-1024x683.jpg, https:\/\/cdn3.fh-joanneum.at\/media\/sites\/102\/2023\/03\/strategic-experience-design-7-1536x1025.jpg 2x\"\n            \/>\n                    <source\n                media=\"(max-width: 1536px)\"\n                srcset=\"https:\/\/cdn3.fh-joanneum.at\/media\/sites\/102\/2023\/03\/strategic-experience-design-7-1536x1025.jpg, https:\/\/cdn3.fh-joanneum.at\/media\/sites\/102\/2023\/03\/strategic-experience-design-7-2048x1366.jpg 2x\"\n            \/>\n                    <source\n                media=\"(max-width: 2048px)\"\n                srcset=\"https:\/\/cdn3.fh-joanneum.at\/media\/sites\/102\/2023\/03\/strategic-experience-design-7-2048x1366.jpg, https:\/\/cdn3.fh-joanneum.at\/media\/sites\/102\/2023\/03\/strategic-experience-design-7-scaled.jpg 2x\"\n            \/>\n                <img decoding=\"async\"\n        class=\"img-fluid\"\n        src=\"https:\/\/cdn3.fh-joanneum.at\/media\/sites\/102\/2023\/03\/strategic-experience-design-7-scaled.jpg\"\n        alt=\"Strategic Experience Design 4\"\n        title=\"\"\n         loading=\"lazy\"             >\n<\/picture>\n\n                                            <\/div>\n                                            <div class=\"text-wrapper\">\n                                                                                                    <p class=\"mb-0\">Beruf und Studium verbinden<\/p>\n                                                                                                <svg width=\"9\" height=\"15\" viewBox=\"0 0 9 15\" fill=\"none\" xmlns=\"http:\/\/www.w3.org\/2000\/svg\">\n    <path id=\"chevron_right\" d=\"M1.5 1.5L7.5 7.5L1.5 13.5\" stroke=\"\" stroke-width=\"1.5\" stroke-linecap=\"round\"\/>\n<\/svg>                                            <\/div>\n                                        <\/a>\n                                                                    <\/div>\n                                                            <div class=\"swiper-slide item\">\n                                                                                                                <a\n                                            class=\"major-text-color-hover\"\n                                            href=\"https:\/\/www.fh-joanneum.at\/strategic-experience-design\/postgraduate\/nach-dem-studium\/karrieremoeglichkeiten\"\n                                            target=\"\"\n                                        >\n                                            <div class=\"image-wrapper\">\n                                                <picture>\n                        <source\n                media=\"(max-width: 576px)\"\n                srcset=\"https:\/\/cdn3.fh-joanneum.at\/media\/sites\/102\/2023\/03\/strategic-experience-design-14-scaled.jpg, https:\/\/cdn3.fh-joanneum.at\/media\/sites\/102\/2023\/03\/strategic-experience-design-14-768x513.jpg 2x\"\n            \/>\n                    <source\n                media=\"(max-width: 768px)\"\n                srcset=\"https:\/\/cdn3.fh-joanneum.at\/media\/sites\/102\/2023\/03\/strategic-experience-design-14-768x513.jpg, https:\/\/cdn3.fh-joanneum.at\/media\/sites\/102\/2023\/03\/strategic-experience-design-14-1024x683.jpg 2x\"\n            \/>\n                    <source\n                media=\"(max-width: 1024px)\"\n                srcset=\"https:\/\/cdn3.fh-joanneum.at\/media\/sites\/102\/2023\/03\/strategic-experience-design-14-1024x683.jpg, https:\/\/cdn3.fh-joanneum.at\/media\/sites\/102\/2023\/03\/strategic-experience-design-14-1536x1025.jpg 2x\"\n            \/>\n                    <source\n                media=\"(max-width: 1536px)\"\n                srcset=\"https:\/\/cdn3.fh-joanneum.at\/media\/sites\/102\/2023\/03\/strategic-experience-design-14-1536x1025.jpg, https:\/\/cdn3.fh-joanneum.at\/media\/sites\/102\/2023\/03\/strategic-experience-design-14-2048x1367.jpg 2x\"\n            \/>\n                    <source\n                media=\"(max-width: 2048px)\"\n                srcset=\"https:\/\/cdn3.fh-joanneum.at\/media\/sites\/102\/2023\/03\/strategic-experience-design-14-2048x1367.jpg, https:\/\/cdn3.fh-joanneum.at\/media\/sites\/102\/2023\/03\/strategic-experience-design-14-scaled.jpg 2x\"\n            \/>\n                <img decoding=\"async\"\n        class=\"img-fluid\"\n        src=\"https:\/\/cdn3.fh-joanneum.at\/media\/sites\/102\/2023\/03\/strategic-experience-design-14-scaled.jpg\"\n        alt=\"Strategic Experience Design 11\"\n        title=\"\"\n         loading=\"lazy\"             >\n<\/picture>\n\n                                            <\/div>\n                                            <div class=\"text-wrapper\">\n                                                                                                    <p class=\"mb-0\">Neue Karrierechancen<\/p>\n                                                                                                <svg width=\"9\" height=\"15\" viewBox=\"0 0 9 15\" fill=\"none\" xmlns=\"http:\/\/www.w3.org\/2000\/svg\">\n    <path id=\"chevron_right\" d=\"M1.5 1.5L7.5 7.5L1.5 13.5\" stroke=\"\" stroke-width=\"1.5\" stroke-linecap=\"round\"\/>\n<\/svg>                                            <\/div>\n                                        <\/a>\n                                                                    <\/div>\n                                                    <\/div>\n                    <\/div>\n                    <div class=\"swiper-navigation mobile\">\n                        <div class=\"swiper-button-prev-custom\">\n                            <svg xmlns=\"http:\/\/www.w3.org\/2000\/svg\" width=\"9\" height=\"14\" viewBox=\"0 0 9 14\" fill=\"none\">\n  <path d=\"M8 13L2 7L8 1\" stroke=\"\" stroke-width=\"1.5\" stroke-linecap=\"round\"\/>\n<\/svg>                        <\/div>\n                        <div class=\"swiper-button-next-custom\">\n                            <svg xmlns=\"http:\/\/www.w3.org\/2000\/svg\" width=\"9\" height=\"14\" viewBox=\"0 0 9 14\" fill=\"none\">\n  <path d=\"M1 1L7 7L1 13\" stroke=\"\" stroke-width=\"1.5\" stroke-linecap=\"round\"\/>\n<\/svg>                        <\/div>\n                    <\/div>\n                <\/div>\n            <\/div>\n        <\/div>\n    <\/div>\n<\/div>\n\n\n<div\n    id=\"\"\n    class=\"wp-block-facts-slider margin-bottom-normal\"\n>\n    <div class=\"container-lg\">\n        <div class=\"row\">\n            <div class=\"col-12\">\n                <div class=\"swiper-outer-wrapper\">\n\n                    <div class=\"swiper facts-slider-swiper major-bg-color\">\n                        <div class=\"swiper-wrapper\">\n                                                            <div class=\"swiper-slide text-white item\">\n                                    <div class=\"content-wrapper\">\n                                                                                    <p>Wussten Sie, &#8230;<\/p>\n                                        \n                                                                                    <h2 class=\"display-1 fw-light fst-italic\">\n                                                                                                    \u2026\n                                                                                                dass Konsument:innen immer mehr die Customer Experience als wesentlichen Kaufentscheid erachten? \n                                            <\/h2>\n                                                                                                                            <p class=\"fs-4\"><p>Ein holistischer Gestaltungsansatz der am Masterhochschullehrgang unterrichtet wird bildet in der Produkt- und Serviceentwicklung die strategischen Wettbewerbsvorteile f\u00fcr Unternehmen.<\/p>\n<\/p>\n                                                                                                                    <\/div>\n                                <\/div>\n                                                            <div class=\"swiper-slide text-white item\">\n                                    <div class=\"content-wrapper\">\n                                                                                    <p>Wussten Sie, &#8230;<\/p>\n                                        \n                                                                                    <h2 class=\"display-1 fw-light fst-italic\">\n                                                                                                    \u2026\n                                                                                                dass pro Sekunde circa 11 Millionen Sinneseindr\u00fccke in unserem Gehirn verarbeitet werden, jedoch nur etwa 40 davon bewusst wahrgenommen werden?\n                                            <\/h2>\n                                                                                                                            <p class=\"fs-4\"><p>Informationen auf den Punkt zu bringen ist eine Methodik, die Sie am Masterlehrgang erlernen.<\/p>\n<\/p>\n                                                                                                                    <\/div>\n                                <\/div>\n                                                            <div class=\"swiper-slide text-white item\">\n                                    <div class=\"content-wrapper\">\n                                                                                    <p>Wussten Sie, &#8230;<\/p>\n                                        \n                                                                                    <h2 class=\"display-1 fw-light fst-italic\">\n                                                                                                    \u2026\n                                                                                                dass es mehr als 50 psychologische Grundlagen gibt, welche die Strategie eines Unternehmens beeinflussen k\u00f6nnen?\n                                            <\/h2>\n                                                                                                                            <p class=\"fs-4\"><p>In diesem Hochschullehrgang lernen Sie, diese effizient und effektiv einzusetzen.<\/p>\n<\/p>\n                                                                                                                    <\/div>\n                                <\/div>\n                                                            <div class=\"swiper-slide text-white item\">\n                                    <div class=\"content-wrapper\">\n                                                                                    <p>Wussten Sie, &#8230;<\/p>\n                                        \n                                                                                    <h2 class=\"display-1 fw-light fst-italic\">\n                                                                                                    \u2026\n                                                                                                dass der Masterlehrgang international ausgerichtet ist und so zur Bildung eines globalen pers\u00f6nlichen Netzwerkes an Expert:innen aus vielen Branchen betr\u00e4gt?\n                                            <\/h2>\n                                                                                                                                                            <\/div>\n                                <\/div>\n                                                            <div class=\"swiper-slide text-white item\">\n                                    <div class=\"content-wrapper\">\n                                                                                    <p>Wussten Sie, &#8230;<\/p>\n                                        \n                                                                                    <h2 class=\"display-1 fw-light fst-italic\">\n                                                                                                    \u2026\n                                                                                                dass Kooperationen mit Unternehmen und Case-Studies zentraler Bestandteil der Ausbildung sind und so der unmittelbare Praxisbezug angewandter Wissenschaft gegeben ist?\n                                            <\/h2>\n                                                                                                                                                            <\/div>\n                                <\/div>\n                                                    <\/div>\n                        <div class=\"swiper-navigation\">\n                            <div class=\"swiper-button-prev\">\n                                <svg xmlns=\"http:\/\/www.w3.org\/2000\/svg\" width=\"9\" height=\"14\" viewBox=\"0 0 9 14\" fill=\"none\">\n  <path d=\"M8 13L2 7L8 1\" stroke=\"\" stroke-width=\"1.5\" stroke-linecap=\"round\"\/>\n<\/svg>                            <\/div>\n                            <div class=\"swiper-button-next\">\n                                <svg xmlns=\"http:\/\/www.w3.org\/2000\/svg\" width=\"9\" height=\"14\" viewBox=\"0 0 9 14\" fill=\"none\">\n  <path d=\"M1 1L7 7L1 13\" stroke=\"\" stroke-width=\"1.5\" stroke-linecap=\"round\"\/>\n<\/svg>                            <\/div>\n                        <\/div>\n                        <div class=\"swiper-pagination\"><\/div>\n                    <\/div>\n                <\/div>\n            <\/div>\n        <\/div>\n    <\/div>\n<\/div>\n\n\n<div\n        id=\"\"\n        class=\"wp-block-featured-news margin-bottom-normal\"\n    >\n        <div class=\"container-lg\">\n            <div class=\"row\">\n                <div class=\"col-12\">\n                    <div class=\"header d-flex justify-content-between align-items-center\">\n                        <h2>News<\/h2>\n                        <a\n        class=\"arrow-link major-text-color fs-4\"\n        href=\"https:\/\/www.fh-joanneum.at\/news\/\"\n        target=\"\"\n    >\n                            Alle News\n            <span>News<\/span>\n                            <svg width=\"9\" height=\"15\" viewBox=\"0 0 9 15\" fill=\"none\" xmlns=\"http:\/\/www.w3.org\/2000\/svg\">\n    <path id=\"chevron_right\" d=\"M1.5 1.5L7.5 7.5L1.5 13.5\" stroke=\"\" stroke-width=\"1.5\" stroke-linecap=\"round\"\/>\n<\/svg>            <\/a>\n                    <\/div>\n                <\/div>\n            <\/div>\n            <div class=\"row\">\n                <div class=\"object-swiper-outer-wrapper\">\n                    <div class=\"swiper objects-slider-swiper\">\n                        <div class=\"swiper-wrapper\">\n                                                            <div class=\"swiper-slide\">\n                                    <a\n    href=\"https:\/\/www.fh-joanneum.at\/news\/forschungsrallye-experimente-und-mehr-das-war-die-lange-nacht-der-forschung\/\"\n    class=\"news-card major-border-color-hover\"\n>\n    <div class=\"image-wrapper\">\n        <picture>\n                        <source\n                media=\"(max-width: 576px)\"\n                srcset=\"https:\/\/cdn3.fh-joanneum.at\/media\/2026\/04\/Header_LNF_Kapfenberg_24.04.2026_Terler-11-576x288.jpg, https:\/\/cdn3.fh-joanneum.at\/media\/2026\/04\/Header_LNF_Kapfenberg_24.04.2026_Terler-11-768x384.jpg 2x\"\n            \/>\n                    <source\n                media=\"(max-width: 768px)\"\n                srcset=\"https:\/\/cdn3.fh-joanneum.at\/media\/2026\/04\/Header_LNF_Kapfenberg_24.04.2026_Terler-11-768x384.jpg, https:\/\/cdn3.fh-joanneum.at\/media\/2026\/04\/Header_LNF_Kapfenberg_24.04.2026_Terler-11-1024x512.jpg 2x\"\n            \/>\n                    <source\n                media=\"(max-width: 1024px)\"\n                srcset=\"https:\/\/cdn3.fh-joanneum.at\/media\/2026\/04\/Header_LNF_Kapfenberg_24.04.2026_Terler-11-1024x512.jpg, https:\/\/cdn3.fh-joanneum.at\/media\/2026\/04\/Header_LNF_Kapfenberg_24.04.2026_Terler-11.jpg 2x\"\n            \/>\n                    <source\n                media=\"(max-width: 1200px)\"\n                srcset=\"https:\/\/cdn3.fh-joanneum.at\/media\/2026\/04\/Header_LNF_Kapfenberg_24.04.2026_Terler-11.jpg, https:\/\/cdn3.fh-joanneum.at\/media\/2026\/04\/Header_LNF_Kapfenberg_24.04.2026_Terler-11.jpg 2x\"\n            \/>\n                    <source\n                media=\"(max-width: 1200px)\"\n                srcset=\"https:\/\/cdn3.fh-joanneum.at\/media\/2026\/04\/Header_LNF_Kapfenberg_24.04.2026_Terler-11.jpg, https:\/\/cdn3.fh-joanneum.at\/media\/2026\/04\/Header_LNF_Kapfenberg_24.04.2026_Terler-11.jpg 2x\"\n            \/>\n                <img decoding=\"async\"\n        class=\"img-fluid\"\n        src=\"https:\/\/cdn3.fh-joanneum.at\/media\/2026\/04\/Header_LNF_Kapfenberg_24.04.2026_Terler-11.jpg\"\n        alt=\"\"\n        title=\"Foto: FH JOANNEUM \/ Terler\"\n         loading=\"lazy\"             >\n<\/picture>\n\n    <\/div>\n\n    <div class=\"content\">\n        <div>\n            <h6>Forschungsrallye, Experimente und mehr: Das war die Lange Nacht der Forschung<\/h6>\n\n            <p class=\"hyphens\">\n                Am 24. April 2026 begr\u00fc\u00dfte die FH JOANNEUM in Graz und Kapfenberg bei der Langen Nacht der Forschung zahlreiche Besuch &#8230;\n            <\/p>\n        <\/div>\n\n        <div class=\"card-footer\">\n            <span>\n                24.04.2026\n            <\/span>\n            <span class=\"category\">\n                <svg width=\"18\" height=\"23\" viewBox=\"0 0 18 23\" fill=\"none\" xmlns=\"http:\/\/www.w3.org\/2000\/svg\">\n<g id=\"Group 32\">\n<path id=\"Vector\" d=\"M1.5 1.55639V21.2706H16.5V6.16198L12.2198 1.55639H1.5ZM0 0H12.8571L18 5.53381V22.827H0V0Z\" fill=\"black\"\/>\n<path id=\"Linie 32\" d=\"M4.5 7.26318H12.5\" stroke=\"#384046\" stroke-width=\"1.5\" stroke-linecap=\"round\"\/>\n<path id=\"Linie 33\" d=\"M4.5 11.4136H12.5\" stroke=\"#384046\" stroke-width=\"1.5\" stroke-linecap=\"round\"\/>\n<path id=\"Linie 34\" d=\"M4.5 15.5637H9.5\" stroke=\"#384046\" stroke-width=\"1.5\" stroke-linecap=\"round\"\/>\n<\/g>\n<\/svg>                <span>Kurzmitteilungen<\/span> \n            <\/span>\n        <\/div>\n    <\/div>\n    <div class=\"effect-border\"><\/div>\n<\/a>\n                                <\/div>\n                                                            <div class=\"swiper-slide\">\n                                    <a\n    href=\"https:\/\/www.fh-joanneum.at\/news\/lange-nacht-der-forschung\/\"\n    class=\"news-card major-border-color-hover\"\n>\n    <div class=\"image-wrapper\">\n        <picture>\n                        <source\n                media=\"(max-width: 576px)\"\n                srcset=\"https:\/\/cdn3.fh-joanneum.at\/media\/2026\/04\/Header_Lange-Nacht-der-Forschung-2026-c-Foto-Fischer-576x288.jpg, https:\/\/cdn3.fh-joanneum.at\/media\/2026\/04\/Header_Lange-Nacht-der-Forschung-2026-c-Foto-Fischer-768x384.jpg 2x\"\n            \/>\n                    <source\n                media=\"(max-width: 768px)\"\n                srcset=\"https:\/\/cdn3.fh-joanneum.at\/media\/2026\/04\/Header_Lange-Nacht-der-Forschung-2026-c-Foto-Fischer-768x384.jpg, https:\/\/cdn3.fh-joanneum.at\/media\/2026\/04\/Header_Lange-Nacht-der-Forschung-2026-c-Foto-Fischer-1024x512.jpg 2x\"\n            \/>\n                    <source\n                media=\"(max-width: 1024px)\"\n                srcset=\"https:\/\/cdn3.fh-joanneum.at\/media\/2026\/04\/Header_Lange-Nacht-der-Forschung-2026-c-Foto-Fischer-1024x512.jpg, https:\/\/cdn3.fh-joanneum.at\/media\/2026\/04\/Header_Lange-Nacht-der-Forschung-2026-c-Foto-Fischer.jpg 2x\"\n            \/>\n                    <source\n                media=\"(max-width: 1200px)\"\n                srcset=\"https:\/\/cdn3.fh-joanneum.at\/media\/2026\/04\/Header_Lange-Nacht-der-Forschung-2026-c-Foto-Fischer.jpg, https:\/\/cdn3.fh-joanneum.at\/media\/2026\/04\/Header_Lange-Nacht-der-Forschung-2026-c-Foto-Fischer.jpg 2x\"\n            \/>\n                    <source\n                media=\"(max-width: 1200px)\"\n                srcset=\"https:\/\/cdn3.fh-joanneum.at\/media\/2026\/04\/Header_Lange-Nacht-der-Forschung-2026-c-Foto-Fischer.jpg, https:\/\/cdn3.fh-joanneum.at\/media\/2026\/04\/Header_Lange-Nacht-der-Forschung-2026-c-Foto-Fischer.jpg 2x\"\n            \/>\n                <img decoding=\"async\"\n        class=\"img-fluid\"\n        src=\"https:\/\/cdn3.fh-joanneum.at\/media\/2026\/04\/Header_Lange-Nacht-der-Forschung-2026-c-Foto-Fischer.jpg\"\n        alt=\"\"\n        title=\"Foto v.l. (\u00a9 Foto Fischer, Verwendung bei Nennung honorarfrei): Kurt Hohensinner (Wirtschaftsstadtrat Graz), Corinna Engelhardt-Nowitzki (Rektorin FH JOANNEUM, aktuelle Vorsitzende der Steirischen Hochschulkonferenz), Willibald Ehrenh\u00f6fer (Wissenschafts- und Forschungslandesrat), Heinz Mayer (Gesch\u00e4ftsf\u00fchrer JOANNEUM RESEARCH). \n\n\"\n         loading=\"lazy\"             >\n<\/picture>\n\n    <\/div>\n\n    <div class=\"content\">\n        <div>\n            <h6>Lange Nacht der Forschung<\/h6>\n\n            <p class=\"hyphens\">\n                Die Faszination von Wissenschaft und Forschung auch an der FH JOANNEUM hautnah erleben.\n            <\/p>\n        <\/div>\n\n        <div class=\"card-footer\">\n            <span>\n                15.04.2026\n            <\/span>\n            <span class=\"category\">\n                <svg width=\"18\" height=\"23\" viewBox=\"0 0 18 23\" fill=\"none\" xmlns=\"http:\/\/www.w3.org\/2000\/svg\">\n<g id=\"Group 32\">\n<path id=\"Vector\" d=\"M1.5 1.55639V21.2706H16.5V6.16198L12.2198 1.55639H1.5ZM0 0H12.8571L18 5.53381V22.827H0V0Z\" fill=\"black\"\/>\n<path id=\"Linie 32\" d=\"M4.5 7.26318H12.5\" stroke=\"#384046\" stroke-width=\"1.5\" stroke-linecap=\"round\"\/>\n<path id=\"Linie 33\" d=\"M4.5 11.4136H12.5\" stroke=\"#384046\" stroke-width=\"1.5\" stroke-linecap=\"round\"\/>\n<path id=\"Linie 34\" d=\"M4.5 15.5637H9.5\" stroke=\"#384046\" stroke-width=\"1.5\" stroke-linecap=\"round\"\/>\n<\/g>\n<\/svg>                <span>Kurzmitteilungen<\/span> \n            <\/span>\n        <\/div>\n    <\/div>\n    <div class=\"effect-border\"><\/div>\n<\/a>\n                                <\/div>\n                                                            <div class=\"swiper-slide\">\n                                    <a\n    href=\"https:\/\/www.fh-joanneum.at\/news\/graduierungen-2026-an-der-fh-joanneum\/\"\n    class=\"news-card major-border-color-hover\"\n>\n    <div class=\"image-wrapper\">\n        <picture>\n                        <source\n                media=\"(max-width: 576px)\"\n                srcset=\"https:\/\/cdn3.fh-joanneum.at\/media\/2026\/03\/Design-ohne-Titel-576x288.png, https:\/\/cdn3.fh-joanneum.at\/media\/2026\/03\/Design-ohne-Titel-768x384.png 2x\"\n            \/>\n                    <source\n                media=\"(max-width: 768px)\"\n                srcset=\"https:\/\/cdn3.fh-joanneum.at\/media\/2026\/03\/Design-ohne-Titel-768x384.png, https:\/\/cdn3.fh-joanneum.at\/media\/2026\/03\/Design-ohne-Titel-1024x512.png 2x\"\n            \/>\n                    <source\n                media=\"(max-width: 1024px)\"\n                srcset=\"https:\/\/cdn3.fh-joanneum.at\/media\/2026\/03\/Design-ohne-Titel-1024x512.png, https:\/\/cdn3.fh-joanneum.at\/media\/2026\/03\/Design-ohne-Titel.png 2x\"\n            \/>\n                    <source\n                media=\"(max-width: 1200px)\"\n                srcset=\"https:\/\/cdn3.fh-joanneum.at\/media\/2026\/03\/Design-ohne-Titel.png, https:\/\/cdn3.fh-joanneum.at\/media\/2026\/03\/Design-ohne-Titel.png 2x\"\n            \/>\n                    <source\n                media=\"(max-width: 1200px)\"\n                srcset=\"https:\/\/cdn3.fh-joanneum.at\/media\/2026\/03\/Design-ohne-Titel.png, https:\/\/cdn3.fh-joanneum.at\/media\/2026\/03\/Design-ohne-Titel.png 2x\"\n            \/>\n                <img decoding=\"async\"\n        class=\"img-fluid\"\n        src=\"https:\/\/cdn3.fh-joanneum.at\/media\/2026\/03\/Design-ohne-Titel.png\"\n        alt=\"\"\n        title=\"\"\n         loading=\"lazy\"             >\n<\/picture>\n\n    <\/div>\n\n    <div class=\"content\">\n        <div>\n            <h6>Graduierungen 2026 an der FH JOANNEUM<\/h6>\n\n            <p class=\"hyphens\">\n                Mit den feierlichen Graduierungen schlagen unsere Studierenden ein neues Kapitel als Absolvent:innen auf. Die FH JOANNEUM &#8230;\n            <\/p>\n        <\/div>\n\n        <div class=\"card-footer\">\n            <span>\n                31.03.2026\n            <\/span>\n            <span class=\"category\">\n                <svg width=\"18\" height=\"23\" viewBox=\"0 0 18 23\" fill=\"none\" xmlns=\"http:\/\/www.w3.org\/2000\/svg\">\n<g id=\"Group 32\">\n<path id=\"Vector\" d=\"M1.5 1.55639V21.2706H16.5V6.16198L12.2198 1.55639H1.5ZM0 0H12.8571L18 5.53381V22.827H0V0Z\" fill=\"black\"\/>\n<path id=\"Linie 32\" d=\"M4.5 7.26318H12.5\" stroke=\"#384046\" stroke-width=\"1.5\" stroke-linecap=\"round\"\/>\n<path id=\"Linie 33\" d=\"M4.5 11.4136H12.5\" stroke=\"#384046\" stroke-width=\"1.5\" stroke-linecap=\"round\"\/>\n<path id=\"Linie 34\" d=\"M4.5 15.5637H9.5\" stroke=\"#384046\" stroke-width=\"1.5\" stroke-linecap=\"round\"\/>\n<\/g>\n<\/svg>                <span>Blog<\/span> \n            <\/span>\n        <\/div>\n    <\/div>\n    <div class=\"effect-border\"><\/div>\n<\/a>\n                                <\/div>\n                                                    <\/div>\n                    <\/div>\n                    <div class=\"swiper-navigation mobile\">\n                        <div class=\"swiper-button-prev-custom\">\n                            <svg xmlns=\"http:\/\/www.w3.org\/2000\/svg\" width=\"9\" height=\"14\" viewBox=\"0 0 9 14\" fill=\"none\">\n  <path d=\"M8 13L2 7L8 1\" stroke=\"\" stroke-width=\"1.5\" stroke-linecap=\"round\"\/>\n<\/svg>                        <\/div>\n                        <div class=\"swiper-button-next-custom\">\n                            <svg xmlns=\"http:\/\/www.w3.org\/2000\/svg\" width=\"9\" height=\"14\" viewBox=\"0 0 9 14\" fill=\"none\">\n  <path d=\"M1 1L7 7L1 13\" stroke=\"\" stroke-width=\"1.5\" stroke-linecap=\"round\"\/>\n<\/svg>                        <\/div>\n                    <\/div>\n                <\/div>\n            <\/div>\n        <\/div>\n    <\/div>\n\n\n<div\n        id=\"\"\n        class=\"wp-block-featured-events margin-bottom-normal\"\n    >\n        <div class=\"container-lg\">\n            <div class=\"row\">\n                <div class=\"col-12\">\n                    <div class=\"header d-flex justify-content-between align-items-center\">\n                        <h2>Events<\/h2>\n                        <a\n        class=\"arrow-link major-text-color fs-4\"\n        href=\"https:\/\/www.fh-joanneum.at\/hochschule\/events\/\"\n        target=\"\"\n    >\n                            Alle Events\n            <span>Events<\/span>\n                            <svg width=\"9\" height=\"15\" viewBox=\"0 0 9 15\" fill=\"none\" xmlns=\"http:\/\/www.w3.org\/2000\/svg\">\n    <path id=\"chevron_right\" d=\"M1.5 1.5L7.5 7.5L1.5 13.5\" stroke=\"\" stroke-width=\"1.5\" stroke-linecap=\"round\"\/>\n<\/svg>            <\/a>\n                    <\/div>\n                <\/div>\n            <\/div>\n            <div class=\"row\">\n                <div class=\"object-swiper-outer-wrapper\">\n                    <div\n                        class=\"swiper objects-slider-swiper\"\n                        data-count=\"4\"\n                    >\n                                                    <div class=\"swiper-wrapper\">\n                                                                    <div class=\"swiper-slide\">\n                                        <a\n        href=\"https:\/\/www.fh-joanneum.at\/veranstaltung\/future-day\/\"\n        class=\"event-card bg-light\"\n    >\n        <div class=\"image-wrapper\">\n            <picture>\n                        <source\n                media=\"(max-width: 576px)\"\n                srcset=\"https:\/\/cdn3.fh-joanneum.at\/media\/2025\/02\/20240911_Trailer_Journal-c-Hannah-Wasserfaller_2-scaled-1-576x384.jpg, https:\/\/cdn3.fh-joanneum.at\/media\/2025\/02\/20240911_Trailer_Journal-c-Hannah-Wasserfaller_2-scaled-1-768x512.jpg 2x\"\n            \/>\n                    <source\n                media=\"(max-width: 768px)\"\n                srcset=\"https:\/\/cdn3.fh-joanneum.at\/media\/2025\/02\/20240911_Trailer_Journal-c-Hannah-Wasserfaller_2-scaled-1-768x512.jpg, https:\/\/cdn3.fh-joanneum.at\/media\/2025\/02\/20240911_Trailer_Journal-c-Hannah-Wasserfaller_2-scaled-1-1024x683.jpg 2x\"\n            \/>\n                    <source\n                media=\"(max-width: 1024px)\"\n                srcset=\"https:\/\/cdn3.fh-joanneum.at\/media\/2025\/02\/20240911_Trailer_Journal-c-Hannah-Wasserfaller_2-scaled-1-1024x683.jpg, https:\/\/cdn3.fh-joanneum.at\/media\/2025\/02\/20240911_Trailer_Journal-c-Hannah-Wasserfaller_2-scaled-1-1536x1024.jpg 2x\"\n            \/>\n                    <source\n                media=\"(max-width: 1536px)\"\n                srcset=\"https:\/\/cdn3.fh-joanneum.at\/media\/2025\/02\/20240911_Trailer_Journal-c-Hannah-Wasserfaller_2-scaled-1-1536x1024.jpg, https:\/\/cdn3.fh-joanneum.at\/media\/2025\/02\/20240911_Trailer_Journal-c-Hannah-Wasserfaller_2-scaled-1-2048x1366.jpg 2x\"\n            \/>\n                    <source\n                media=\"(max-width: 2048px)\"\n                srcset=\"https:\/\/cdn3.fh-joanneum.at\/media\/2025\/02\/20240911_Trailer_Journal-c-Hannah-Wasserfaller_2-scaled-1-2048x1366.jpg, https:\/\/cdn3.fh-joanneum.at\/media\/2025\/02\/20240911_Trailer_Journal-c-Hannah-Wasserfaller_2-scaled-1.jpg 2x\"\n            \/>\n                <img decoding=\"async\"\n        class=\"img-fluid\"\n        src=\"https:\/\/cdn3.fh-joanneum.at\/media\/2025\/02\/20240911_Trailer_Journal-c-Hannah-Wasserfaller_2-scaled-1.jpg\"\n        alt=\"\"\n        title=\"\"\n         loading=\"lazy\"             >\n<\/picture>\n\n            <div class=\"event-date major-bg-color\">\n                <span class=\"month\">Mai<\/span>\n                <span class=\"day fs-4\">21<\/span>\n            <\/div>\n        <\/div>\n\n        <div class=\"content\">\n            <h6>Future Day<\/h6>\n\n            <p class=\"hyphens mb-0\">\n                FH JOANNEUM Graz, 2026, 09:00 &#8211; 13:00 Uhr\n            <\/p>\n\n        <\/div>\n    <\/a>\n                                    <\/div>\n                                                                    <div class=\"swiper-slide\">\n                                        <a\n        href=\"https:\/\/www.fh-joanneum.at\/veranstaltung\/virtueller-infotalk\/\"\n        class=\"event-card bg-light\"\n    >\n        <div class=\"image-wrapper\">\n            <picture>\n                        <source\n                media=\"(max-width: 576px)\"\n                srcset=\"https:\/\/cdn3.fh-joanneum.at\/media\/2023\/11\/202511111_Virtueller_Infotalkc-FH-JOANNEUM-Fabian-Hasler-8-576x384.jpg, https:\/\/cdn3.fh-joanneum.at\/media\/2023\/11\/202511111_Virtueller_Infotalkc-FH-JOANNEUM-Fabian-Hasler-8-768x512.jpg 2x\"\n            \/>\n                    <source\n                media=\"(max-width: 768px)\"\n                srcset=\"https:\/\/cdn3.fh-joanneum.at\/media\/2023\/11\/202511111_Virtueller_Infotalkc-FH-JOANNEUM-Fabian-Hasler-8-768x512.jpg, https:\/\/cdn3.fh-joanneum.at\/media\/2023\/11\/202511111_Virtueller_Infotalkc-FH-JOANNEUM-Fabian-Hasler-8-1024x683.jpg 2x\"\n            \/>\n                    <source\n                media=\"(max-width: 1024px)\"\n                srcset=\"https:\/\/cdn3.fh-joanneum.at\/media\/2023\/11\/202511111_Virtueller_Infotalkc-FH-JOANNEUM-Fabian-Hasler-8-1024x683.jpg, https:\/\/cdn3.fh-joanneum.at\/media\/2023\/11\/202511111_Virtueller_Infotalkc-FH-JOANNEUM-Fabian-Hasler-8-1536x1024.jpg 2x\"\n            \/>\n                    <source\n                media=\"(max-width: 1536px)\"\n                srcset=\"https:\/\/cdn3.fh-joanneum.at\/media\/2023\/11\/202511111_Virtueller_Infotalkc-FH-JOANNEUM-Fabian-Hasler-8-1536x1024.jpg, https:\/\/cdn3.fh-joanneum.at\/media\/2023\/11\/202511111_Virtueller_Infotalkc-FH-JOANNEUM-Fabian-Hasler-8-2048x1365.jpg 2x\"\n            \/>\n                    <source\n                media=\"(max-width: 2048px)\"\n                srcset=\"https:\/\/cdn3.fh-joanneum.at\/media\/2023\/11\/202511111_Virtueller_Infotalkc-FH-JOANNEUM-Fabian-Hasler-8-2048x1365.jpg, https:\/\/cdn3.fh-joanneum.at\/media\/2023\/11\/202511111_Virtueller_Infotalkc-FH-JOANNEUM-Fabian-Hasler-8-scaled.jpg 2x\"\n            \/>\n                <img decoding=\"async\"\n        class=\"img-fluid\"\n        src=\"https:\/\/cdn3.fh-joanneum.at\/media\/2023\/11\/202511111_Virtueller_Infotalkc-FH-JOANNEUM-Fabian-Hasler-8-scaled.jpg\"\n        alt=\"Informieren Sie sich beim virtuellen Infotag von zuhause aus \u00fcber Ihr Wunsch-Studium\"\n        title=\"\"\n         loading=\"lazy\"             >\n<\/picture>\n\n            <div class=\"event-date major-bg-color\">\n                <span class=\"month\">Juni<\/span>\n                <span class=\"day fs-4\">25<\/span>\n            <\/div>\n        <\/div>\n\n        <div class=\"content\">\n            <h6>Virtueller Infotalk im Juni 2026<\/h6>\n\n            <p class=\"hyphens mb-0\">\n                Online, 2026, 16:00 &#8211; 18:00 Uhr \n            <\/p>\n\n        <\/div>\n    <\/a>\n                                    <\/div>\n                                                                    <div class=\"swiper-slide\">\n                                        <a\n        href=\"https:\/\/www.fh-joanneum.at\/veranstaltung\/best%c2%b3-in-klagenfurt\/\"\n        class=\"event-card bg-light\"\n    >\n        <div class=\"image-wrapper\">\n            <picture>\n                        <source\n                media=\"(max-width: 576px)\"\n                srcset=\"https:\/\/cdn3.fh-joanneum.at\/media\/2022\/09\/20260312_BeSt_Wien-c-FH-JOANNEUM-Hasler_07-576x433.jpg, https:\/\/cdn3.fh-joanneum.at\/media\/2022\/09\/20260312_BeSt_Wien-c-FH-JOANNEUM-Hasler_07-768x578.jpg 2x\"\n            \/>\n                    <source\n                media=\"(max-width: 768px)\"\n                srcset=\"https:\/\/cdn3.fh-joanneum.at\/media\/2022\/09\/20260312_BeSt_Wien-c-FH-JOANNEUM-Hasler_07-768x578.jpg, https:\/\/cdn3.fh-joanneum.at\/media\/2022\/09\/20260312_BeSt_Wien-c-FH-JOANNEUM-Hasler_07-1024x770.jpg 2x\"\n            \/>\n                    <source\n                media=\"(max-width: 1024px)\"\n                srcset=\"https:\/\/cdn3.fh-joanneum.at\/media\/2022\/09\/20260312_BeSt_Wien-c-FH-JOANNEUM-Hasler_07-1024x770.jpg, https:\/\/cdn3.fh-joanneum.at\/media\/2022\/09\/20260312_BeSt_Wien-c-FH-JOANNEUM-Hasler_07-1536x1155.jpg 2x\"\n            \/>\n                    <source\n                media=\"(max-width: 1536px)\"\n                srcset=\"https:\/\/cdn3.fh-joanneum.at\/media\/2022\/09\/20260312_BeSt_Wien-c-FH-JOANNEUM-Hasler_07-1536x1155.jpg, https:\/\/cdn3.fh-joanneum.at\/media\/2022\/09\/20260312_BeSt_Wien-c-FH-JOANNEUM-Hasler_07-2048x1540.jpg 2x\"\n            \/>\n                    <source\n                media=\"(max-width: 2048px)\"\n                srcset=\"https:\/\/cdn3.fh-joanneum.at\/media\/2022\/09\/20260312_BeSt_Wien-c-FH-JOANNEUM-Hasler_07-2048x1540.jpg, https:\/\/cdn3.fh-joanneum.at\/media\/2022\/09\/20260312_BeSt_Wien-c-FH-JOANNEUM-Hasler_07-scaled.jpg 2x\"\n            \/>\n                <img decoding=\"async\"\n        class=\"img-fluid\"\n        src=\"https:\/\/cdn3.fh-joanneum.at\/media\/2022\/09\/20260312_BeSt_Wien-c-FH-JOANNEUM-Hasler_07-scaled.jpg\"\n        alt=\"Besuchen Sie uns bei der Best in Klagenfurt und informieren Sie sich \u00fcber das Studienangebot\"\n        title=\"\"\n         loading=\"lazy\"             >\n<\/picture>\n\n            <div class=\"event-date major-bg-color\">\n                <span class=\"month\">Okt.<\/span>\n                <span class=\"day fs-4\">15 &#8211; 17<\/span>\n            <\/div>\n        <\/div>\n\n        <div class=\"content\">\n            <h6>BeSt Klagenfurt 2026<\/h6>\n\n            <p class=\"hyphens mb-0\">\n                Messe Klagenfurt, 2026, mehrt\u00e4gig\n            <\/p>\n\n        <\/div>\n    <\/a>\n                                    <\/div>\n                                                                    <div class=\"swiper-slide\">\n                                        <a\n        href=\"https:\/\/www.fh-joanneum.at\/veranstaltung\/best%c2%b3-innsbruck\/\"\n        class=\"event-card bg-light\"\n    >\n        <div class=\"image-wrapper\">\n            <picture>\n                        <source\n                media=\"(max-width: 576px)\"\n                srcset=\"https:\/\/cdn3.fh-joanneum.at\/media\/2024\/03\/open-house-2024-20-scaled.jpg, https:\/\/cdn3.fh-joanneum.at\/media\/2024\/03\/open-house-2024-20-768x512.jpg 2x\"\n            \/>\n                    <source\n                media=\"(max-width: 768px)\"\n                srcset=\"https:\/\/cdn3.fh-joanneum.at\/media\/2024\/03\/open-house-2024-20-768x512.jpg, https:\/\/cdn3.fh-joanneum.at\/media\/2024\/03\/open-house-2024-20-1024x683.jpg 2x\"\n            \/>\n                    <source\n                media=\"(max-width: 1024px)\"\n                srcset=\"https:\/\/cdn3.fh-joanneum.at\/media\/2024\/03\/open-house-2024-20-1024x683.jpg, https:\/\/cdn3.fh-joanneum.at\/media\/2024\/03\/open-house-2024-20-1536x1024.jpg 2x\"\n            \/>\n                    <source\n                media=\"(max-width: 1536px)\"\n                srcset=\"https:\/\/cdn3.fh-joanneum.at\/media\/2024\/03\/open-house-2024-20-1536x1024.jpg, https:\/\/cdn3.fh-joanneum.at\/media\/2024\/03\/open-house-2024-20-2048x1365.jpg 2x\"\n            \/>\n                    <source\n                media=\"(max-width: 2048px)\"\n                srcset=\"https:\/\/cdn3.fh-joanneum.at\/media\/2024\/03\/open-house-2024-20-2048x1365.jpg, https:\/\/cdn3.fh-joanneum.at\/media\/2024\/03\/open-house-2024-20-scaled.jpg 2x\"\n            \/>\n                <img decoding=\"async\"\n        class=\"img-fluid\"\n        src=\"https:\/\/cdn3.fh-joanneum.at\/media\/2024\/03\/open-house-2024-20-scaled.jpg\"\n        alt=\"Open House 2024 19\"\n        title=\"\"\n         loading=\"lazy\"             >\n<\/picture>\n\n            <div class=\"event-date major-bg-color\">\n                <span class=\"month\">Dez.<\/span>\n                <span class=\"day fs-4\">02 &#8211; 04<\/span>\n            <\/div>\n        <\/div>\n\n        <div class=\"content\">\n            <h6>BeSt Innsbruck 2026<\/h6>\n\n            <p class=\"hyphens mb-0\">\n                Messe Innsbruck, 2026, jeweils 9:00 \u2013 17:00 Uhr\n            <\/p>\n\n        <\/div>\n    <\/a>\n                                    <\/div>\n                                                            <\/div>\n                                            <\/div>\n\n                    <div class=\"swiper-navigation mobile\">\n                        <div class=\"swiper-button-prev-custom\">\n                            <svg xmlns=\"http:\/\/www.w3.org\/2000\/svg\" width=\"9\" height=\"14\" viewBox=\"0 0 9 14\" fill=\"none\">\n  <path d=\"M8 13L2 7L8 1\" stroke=\"\" stroke-width=\"1.5\" stroke-linecap=\"round\"\/>\n<\/svg>                        <\/div>\n                        <div class=\"swiper-button-next-custom\">\n                            <svg xmlns=\"http:\/\/www.w3.org\/2000\/svg\" width=\"9\" height=\"14\" viewBox=\"0 0 9 14\" fill=\"none\">\n  <path d=\"M1 1L7 7L1 13\" stroke=\"\" stroke-width=\"1.5\" stroke-linecap=\"round\"\/>\n<\/svg>                        <\/div>\n                    <\/div>\n                <\/div>\n            <\/div>\n        <\/div>\n    <\/div>\n\n\n<!-- TODO box styling anpassen, nach daten\u00fcbername -->\n    <div\n        id=\"\"\n        class=\"wp-block-socials margin-bottom-normal\"\n    >\n        <div class=\"container-lg\">\n            <div class=\"row border-top border-bottom align-items-center\">\n                <div class=\"col-12 col-lg-3 py-3 border-end-lg border-0\">\n                    <h4 class=\"m-0 text-center text-lg-start\">Der Studiengang auf<\/h4>\n                <\/div>\n                <div class=\"col-12 col-lg-9\">\n                    <div class=\"socials d-flex flex-wrap align-items-center justify-content-around gap-2 gap-lg-0\">\n                                                    <a\n                                download\n                                href=\"https:\/\/at.linkedin.com\/company\/institut-design-kommunikation\"\n                                class=\"py-3 social-link align-self-center h-100 text-decoration-none text-center\"\n                            >\n                                <svg class=\"normal\" xmlns=\"http:\/\/www.w3.org\/2000\/svg\" width=\"36\" height=\"36\" viewBox=\"0 0 36 36\" fill=\"none\">\n  <g clip-path=\"url(#clip0_62_173)\">\n    <path d=\"M4.33433 9.32286C6.72811 9.32286 8.66865 7.34779 8.66865 4.91143C8.66865 2.47506 6.72811 0.5 4.33433 0.5C1.94054 0.5 0 2.47506 0 4.91143C0 7.34779 1.94054 9.32286 4.33433 9.32286Z\" fill=\"black\"\/>\n    <path d=\"M12.4331 35.5011H20.1532V22.3089C20.1257 21.6607 20.2082 21.0126 20.3972 20.3931C20.6901 19.556 21.2297 18.8313 21.9425 18.3181C22.6552 17.8049 23.5063 17.5283 24.3793 17.5259C27.1698 17.5259 28.2935 19.6901 28.2935 22.8747V35.5011H35.9998V21.9644C35.9998 14.6998 32.1939 11.3359 27.1285 11.3359C25.7153 11.2759 24.3134 11.6149 23.0778 12.3155C21.8422 13.0162 20.8212 14.0511 20.1276 15.3057V11.8867H12.4331C12.5413 14.1059 12.4331 35.5001 12.4331 35.5001\" fill=\"black\"\/>\n    <path d=\"M8.18057 11.8867H0.460449V35.5001H8.18057V11.8867Z\" fill=\"black\"\/>\n  <\/g>\n  <defs>\n    <clipPath id=\"clip0_62_173\">\n      <rect width=\"36\" height=\"35\" fill=\"white\" transform=\"translate(0 0.5)\"\/>\n    <\/clipPath>\n  <\/defs>\n<\/svg>                                <svg class=\"hover\" xmlns=\"http:\/\/www.w3.org\/2000\/svg\" width=\"36\" height=\"36\" viewBox=\"0 0 36 36\" fill=\"none\">\n  <g clip-path=\"url(#clip0_362_179)\">\n    <path d=\"M4.33433 9.32286C6.72811 9.32286 8.66865 7.34779 8.66865 4.91143C8.66865 2.47506 6.72811 0.5 4.33433 0.5C1.94054 0.5 0 2.47506 0 4.91143C0 7.34779 1.94054 9.32286 4.33433 9.32286Z\" fill=\"#0077B5\"\/>\n    <path d=\"M12.4331 35.5011H20.1532V22.3089C20.1257 21.6607 20.2082 21.0126 20.3972 20.3931C20.6901 19.556 21.2297 18.8313 21.9425 18.3181C22.6552 17.8049 23.5063 17.5283 24.3793 17.5259C27.1698 17.5259 28.2935 19.6901 28.2935 22.8747V35.5011H35.9998V21.9644C35.9998 14.6998 32.1939 11.3359 27.1285 11.3359C25.7153 11.2759 24.3134 11.6149 23.0778 12.3155C21.8422 13.0162 20.8212 14.0511 20.1276 15.3057V11.8867H12.4331C12.5413 14.1059 12.4331 35.5001 12.4331 35.5001\" fill=\"#0077B5\"\/>\n    <path d=\"M8.18057 11.8867H0.460449V35.5001H8.18057V11.8867Z\" fill=\"#0077B5\"\/>\n  <\/g>\n  <defs>\n    <clipPath id=\"clip0_362_179\">\n      <rect width=\"36\" height=\"35\" fill=\"white\" transform=\"translate(0 0.5)\"\/>\n    <\/clipPath>\n  <\/defs>\n<\/svg>                            <\/a>\n                                            <\/div>\n                <\/div>\n            <\/div>\n        <\/div>\n    <\/div>\n\n\n\n\n<!-- TODO box styling anpassen, nach daten\u00fcbername -->\n\n\n<div\n        id=\"\"\n        class=\"wp-block-related-studies margin-bottom-normal\"\n    >\n        <div class=\"container-lg\">\n            <div class=\"row\">\n                <div class=\"col-12\">\n                    <div>\n                        <h3 class=\"mb-4\">Andere Studieng\u00e4nge, die Sie interessieren k\u00f6nnten<\/h3>\n                    <\/div>\n                <\/div>\n\n                                                            <div class=\"col-12 medien-und-design\">\n                            <div class=\" border-top py-3\">\n\n                                <a\n                                    href=\"https:\/\/www.fh-joanneum.at\/technische-dokumentation\/postgraduate\"\n                                    class=\"link arrow-link large-arrow text-decoration-none\"\n                                >\n                                    <div class=\"link-content w-100\">\n                                        <div class=\"d-flex align-items-center\">\n                                            <div class=\"w-100 me-2\">\n                                                <span class=\"major-text-color\">Medien und Design<\/span>\n                                                <h4 class=\"mb-0 major-text-color\">Technische Dokumentation und Content Management<\/h4>\n                                                <div class=\"major-text-color\">\n                                                    <span>Masterlehrgang \/ <\/span>\n                                                    <span>Berufsbegleitend<\/span>\n                                                    <span> \/ <\/span>\n                                                                                                            <span>Graz<\/span>\n                                                                                                                                                            <\/div>\n                                            <\/div>\n                                            <svg class=\"major-svg-color\" width=\"9\" height=\"15\" viewBox=\"0 0 9 15\" fill=\"none\" xmlns=\"http:\/\/www.w3.org\/2000\/svg\">\n    <path id=\"chevron_right\" d=\"M1.5 1.5L7.5 7.5L1.5 13.5\" stroke=\"\" stroke-width=\"1.5\" stroke-linecap=\"round\"\/>\n<\/svg>                                        <\/div>\n                                    <\/div>\n                                <\/a>\n\n                            <\/div>\n                        <\/div>\n                                                                                <div class=\"col-12 medien-und-design\">\n                            <div class=\" border-top py-3\">\n\n                                <a\n                                    href=\"https:\/\/www.fh-joanneum.at\/public-communication\/postgraduate\"\n                                    class=\"link arrow-link large-arrow text-decoration-none\"\n                                >\n                                    <div class=\"link-content w-100\">\n                                        <div class=\"d-flex align-items-center\">\n                                            <div class=\"w-100 me-2\">\n                                                <span class=\"major-text-color\">Medien und Design<\/span>\n                                                <h4 class=\"mb-0 major-text-color\">Public Communication<\/h4>\n                                                <div class=\"major-text-color\">\n                                                    <span>Masterlehrgang \/ <\/span>\n                                                    <span>Berufsbegleitend<\/span>\n                                                    <span> \/ <\/span>\n                                                                                                            <span>Graz<\/span>\n                                                                                                                                                            <\/div>\n                                            <\/div>\n                                            <svg class=\"major-svg-color\" width=\"9\" height=\"15\" viewBox=\"0 0 9 15\" fill=\"none\" xmlns=\"http:\/\/www.w3.org\/2000\/svg\">\n    <path id=\"chevron_right\" d=\"M1.5 1.5L7.5 7.5L1.5 13.5\" stroke=\"\" stroke-width=\"1.5\" stroke-linecap=\"round\"\/>\n<\/svg>                                        <\/div>\n                                    <\/div>\n                                <\/a>\n\n                            <\/div>\n                        <\/div>\n                                                                                <div class=\"col-12 medien-und-design\">\n                            <div class=\" border-bottom  border-top py-3\">\n\n                                <a\n                                    href=\"https:\/\/www.fh-joanneum.at\/digitale-gesundheitskommunikation\/postgraduate\"\n                                    class=\"link arrow-link large-arrow text-decoration-none\"\n                                >\n                                    <div class=\"link-content w-100\">\n                                        <div class=\"d-flex align-items-center\">\n                                            <div class=\"w-100 me-2\">\n                                                <span class=\"major-text-color\">Medien und Design<\/span>\n                                                <h4 class=\"mb-0 major-text-color\">Digitale Gesundheitskommunikation<\/h4>\n                                                <div class=\"major-text-color\">\n                                                    <span>Masterlehrgang \/ <\/span>\n                                                    <span>Berufsbegleitend<\/span>\n                                                    <span> \/ <\/span>\n                                                                                                            <span>Graz<\/span>\n                                                                                                                                                            <\/div>\n                                            <\/div>\n                                            <svg class=\"major-svg-color\" width=\"9\" height=\"15\" viewBox=\"0 0 9 15\" fill=\"none\" xmlns=\"http:\/\/www.w3.org\/2000\/svg\">\n    <path id=\"chevron_right\" d=\"M1.5 1.5L7.5 7.5L1.5 13.5\" stroke=\"\" stroke-width=\"1.5\" stroke-linecap=\"round\"\/>\n<\/svg>                                        <\/div>\n                                    <\/div>\n                                <\/a>\n\n                            <\/div>\n                        <\/div>\n                                                <\/div>\n        <\/div>\n    <\/div>\n","protected":false},"excerpt":{"rendered":"","protected":false},"author":2,"featured_media":10000055,"parent":0,"menu_order":1,"comment_status":"closed","ping_status":"closed","template":"","meta":{"_acf_changed":false,"footnotes":""},"acf":[],"aioseo_notices":[],"_links":{"self":[{"href":"https:\/\/www.fh-joanneum.at\/strategic-experience-design\/postgraduate\/wp-json\/wp\/v2\/pages\/10000003"}],"collection":[{"href":"https:\/\/www.fh-joanneum.at\/strategic-experience-design\/postgraduate\/wp-json\/wp\/v2\/pages"}],"about":[{"href":"https:\/\/www.fh-joanneum.at\/strategic-experience-design\/postgraduate\/wp-json\/wp\/v2\/types\/page"}],"author":[{"embeddable":true,"href":"https:\/\/www.fh-joanneum.at\/strategic-experience-design\/postgraduate\/wp-json\/wp\/v2\/users\/2"}],"replies":[{"embeddable":true,"href":"https:\/\/www.fh-joanneum.at\/strategic-experience-design\/postgraduate\/wp-json\/wp\/v2\/comments?post=10000003"}],"version-history":[{"count":5,"href":"https:\/\/www.fh-joanneum.at\/strategic-experience-design\/postgraduate\/wp-json\/wp\/v2\/pages\/10000003\/revisions"}],"predecessor-version":[{"id":10000123,"href":"https:\/\/www.fh-joanneum.at\/strategic-experience-design\/postgraduate\/wp-json\/wp\/v2\/pages\/10000003\/revisions\/10000123"}],"wp:featuredmedia":[{"embeddable":true,"href":"https:\/\/www.fh-joanneum.at\/strategic-experience-design\/postgraduate\/wp-json\/wp\/v2\/media\/10000055"}],"wp:attachment":[{"href":"https:\/\/www.fh-joanneum.at\/strategic-experience-design\/postgraduate\/wp-json\/wp\/v2\/media?parent=10000003"}],"curies":[{"name":"wp","href":"https:\/\/api.w.org\/{rel}","templated":true}]}}